{"id":35,"date":"2015-11-16T20:52:02","date_gmt":"2015-11-16T19:52:02","guid":{"rendered":"https:\/\/landsbygdspartiet.org\/dalarna\/?page_id=35"},"modified":"2016-01-23T17:18:26","modified_gmt":"2016-01-23T16:18:26","slug":"dalarna-facebookgrupp","status":"publish","type":"page","link":"https:\/\/arkiv.landsbygdspartiet.org\/dalarna\/dalarna-facebookgrupp\/","title":{"rendered":"Dalarna Facebookgrupp"},"content":{"rendered":"<h2>H\u00e4r ser du vad som h\u00e4nder i v\u00e5r Facebookgrupp<\/h2>\n<p><a href=\"https:\/\/www.facebook.com\/groups\/387030894782822\/?fref=ts\" target=\"_blank\">H\u00e4r kan du bes\u00f6ka gruppen direkt p\u00e5 Facebook.<\/a><br \/>\n[custom-facebook-feed]<\/p>\n<p>&nbsp;<\/p>\n<p>&nbsp;<\/p>\n<p>F\u00f6r att se \u00e4ldre inl\u00e4gg f\u00e5r du <a href=\"https:\/\/www.facebook.com\/groups\/387030894782822\/?fref=ts\" target=\"_blank\">bes\u00f6ka gruppen direkt p\u00e5 Facebook.<\/a><\/p>\n","protected":false},"excerpt":{"rendered":"<p>H\u00e4r ser du vad som h\u00e4nder i v\u00e5r Facebookgrupp H\u00e4r kan du bes\u00f6ka gruppen direkt p\u00e5 Facebook. [custom-facebook-feed] &nbsp; &nbsp; F\u00f6r att se \u00e4ldre inl\u00e4gg f\u00e5r du bes\u00f6ka gruppen direkt p\u00e5 Facebook.<\/p>\n <a class=\"more-link\" href=\"https:\/\/arkiv.landsbygdspartiet.org\/dalarna\/dalarna-facebookgrupp\/\"><span class=\"more-msg\">L\u00e4s mer &rarr;<\/span><\/a>","protected":false},"author":14,"featured_media":0,"parent":0,"menu_order":0,"comment_status":"closed","ping_status":"closed","template":"","meta":[],"_links":{"self":[{"href":"https:\/\/arkiv.landsbygdspartiet.org\/dalarna\/wp-json\/wp\/v2\/pages\/35"}],"collection":[{"href":"https:\/\/arkiv.landsbygdspartiet.org\/dalarna\/wp-json\/wp\/v2\/pages"}],"about":[{"href":"https:\/\/arkiv.landsbygdspartiet.org\/dalarna\/wp-json\/wp\/v2\/types\/page"}],"author":[{"embeddable":true,"href":"https:\/\/arkiv.landsbygdspartiet.org\/dalarna\/wp-json\/wp\/v2\/users\/14"}],"replies":[{"embeddable":true,"href":"https:\/\/arkiv.landsbygdspartiet.org\/dalarna\/wp-json\/wp\/v2\/comments?post=35"}],"version-history":[{"count":14,"href":"https:\/\/arkiv.landsbygdspartiet.org\/dalarna\/wp-json\/wp\/v2\/pages\/35\/revisions"}],"predecessor-version":[{"id":52,"href":"https:\/\/arkiv.landsbygdspartiet.org\/dalarna\/wp-json\/wp\/v2\/pages\/35\/revisions\/52"}],"wp:attachment":[{"href":"https:\/\/arkiv.landsbygdspartiet.org\/dalarna\/wp-json\/wp\/v2\/media?parent=35"}],"curies":[{"name":"wp","href":"https:\/\/api.w.org\/{rel}","templated":true}]}}