{"id":171,"date":"2018-05-30T07:03:36","date_gmt":"2018-05-30T05:03:36","guid":{"rendered":"https:\/\/landsbygdspartiet.org\/jonkopingslan\/?page_id=171"},"modified":"2018-06-09T00:56:27","modified_gmt":"2018-06-08T22:56:27","slug":"vi-varnar-om-kroniskt-langtidssjuka","status":"publish","type":"page","link":"https:\/\/arkiv.landsbygdspartiet.org\/jonkopingslan\/vi-varnar-om-kroniskt-langtidssjuka\/","title":{"rendered":"Vi v\u00e4rnar om kroniskt l\u00e5ngtidssjuka"},"content":{"rendered":"<h3>Vi v\u00e4rnar om kroniskt l\u00e5ngtidssjuka<\/h3>\n<p>Situationen f\u00f6r de kroniskt l\u00e5ngtidssjuka belyses alltf\u00f6r s\u00e4llan av politikerna. Sverige erbjuder dem en mycket god v\u00e5rd och de ska vara tacksamma f\u00f6r att det finns en offentligt finansierad sjukv\u00e5rd utan behov av privata sjukf\u00f6rs\u00e4kringar.<\/p>\n<p>Men ekonomin f\u00f6r den h\u00e4r gruppen \u00e4r idag k\u00e4rv. Det r\u00f6r sig om v\u00e4ldigt l\u00e5ga sjukers\u00e4ttningar och\/eller pensioner. De kroniskt l\u00e5ngtidssjuka ska upp i tre olika h\u00f6gkostnadsskydd \u2013 f\u00f6r mediciner, sjukresor och patientavgifter. Detta kan ju tyckas l\u00e5gt om det st\u00e4lls mot vad en privat f\u00f6rs\u00e4kringsl\u00f6sning hade kostat. Men det \u00e4r ju trots allt s\u00e5 att det som de f\u00e5r ut av det offentliga systemet ocks\u00e5 \u00e4r l\u00e5gt eller rent ut sagt alltf\u00f6r l\u00e5gt.<\/p>\n<p>Annat kostar ocks\u00e5, politikerna \u00e4r v\u00e4ldigt sn\u00e5la n\u00e4r de r\u00e4knar p\u00e5 s\u00e5dant som matlevnadsnormen. Kalkylerna man har p\u00e5 mat h\u00e4nvisar uppenbarligen till l\u00e5gpris importerad mat som \u00e4r framst\u00e4lld med s\u00e4mre djuromsorg och h\u00f6gre m\u00e4ngd antibiotika \u00e4n produktionen i Sverige. Det \u00e4r ett svek mot landsbygden.<\/p>\n<p>Landsbygdspartiet oberoende har f\u00f6r \u00f6gonen de kroniskt l\u00e5ngtidssjuka och deras mycket k\u00e4rva ekonomiska situation. Vi delar statsministerns oro f\u00f6r att framtidens v\u00e4lf\u00e4rd kan st\u00e5 hotad av den p\u00e5 f\u00f6rslag skenande medlemsavgiften till EU. Olikt de etablerade partierna driver vi d\u00e4rf\u00f6r fr\u00e5gan om att h\u00e5lla en ny folkomr\u00f6stning om medlemskapet och att l\u00e4mna EU.<\/p>\n<p>Mikael Sterner (LPo), S\u00e4vsj\u00f6<\/p>\n<p>Publicerad: Sm\u00e5lands Dagblad \/ Vetlanda Posten 2018-05-30<\/p>\n","protected":false},"excerpt":{"rendered":"<p>Vi v\u00e4rnar om kroniskt l\u00e5ngtidssjuka Situationen f\u00f6r de kroniskt l\u00e5ngtidssjuka belyses alltf\u00f6r s\u00e4llan av politikerna. Sverige erbjuder dem en mycket god v\u00e5rd och de ska vara tacksamma f\u00f6r att det finns en offentligt finansierad sjukv\u00e5rd utan behov av privata sjukf\u00f6rs\u00e4kringar. <span class=\"excerpt-dots\">&hellip;<\/span> <a class=\"more-link\" href=\"https:\/\/arkiv.landsbygdspartiet.org\/jonkopingslan\/vi-varnar-om-kroniskt-langtidssjuka\/\"><span class=\"more-msg\">L\u00e4s mer &rarr;<\/span><\/a><\/p>\n","protected":false},"author":29,"featured_media":0,"parent":0,"menu_order":0,"comment_status":"closed","ping_status":"closed","template":"","meta":[],"_links":{"self":[{"href":"https:\/\/arkiv.landsbygdspartiet.org\/jonkopingslan\/wp-json\/wp\/v2\/pages\/171"}],"collection":[{"href":"https:\/\/arkiv.landsbygdspartiet.org\/jonkopingslan\/wp-json\/wp\/v2\/pages"}],"about":[{"href":"https:\/\/arkiv.landsbygdspartiet.org\/jonkopingslan\/wp-json\/wp\/v2\/types\/page"}],"author":[{"embeddable":true,"href":"https:\/\/arkiv.landsbygdspartiet.org\/jonkopingslan\/wp-json\/wp\/v2\/users\/29"}],"replies":[{"embeddable":true,"href":"https:\/\/arkiv.landsbygdspartiet.org\/jonkopingslan\/wp-json\/wp\/v2\/comments?post=171"}],"version-history":[{"count":1,"href":"https:\/\/arkiv.landsbygdspartiet.org\/jonkopingslan\/wp-json\/wp\/v2\/pages\/171\/revisions"}],"predecessor-version":[{"id":172,"href":"https:\/\/arkiv.landsbygdspartiet.org\/jonkopingslan\/wp-json\/wp\/v2\/pages\/171\/revisions\/172"}],"wp:attachment":[{"href":"https:\/\/arkiv.landsbygdspartiet.org\/jonkopingslan\/wp-json\/wp\/v2\/media?parent=171"}],"curies":[{"name":"wp","href":"https:\/\/api.w.org\/{rel}","templated":true}]}}