{"id":196,"date":"2018-06-21T00:57:30","date_gmt":"2018-06-20T22:57:30","guid":{"rendered":"https:\/\/landsbygdspartiet.org\/jonkopingslan\/?page_id=196"},"modified":"2018-06-21T01:03:42","modified_gmt":"2018-06-20T23:03:42","slug":"helt-ratt-att-beskatta-sjukvardsforsakringar","status":"publish","type":"page","link":"https:\/\/arkiv.landsbygdspartiet.org\/jonkopingslan\/helt-ratt-att-beskatta-sjukvardsforsakringar\/","title":{"rendered":"Helt r\u00e4tt att beskatta sjukv\u00e5rdsf\u00f6rs\u00e4kringar"},"content":{"rendered":"<h3>Helt r\u00e4tt att beskatta sjukv\u00e5rdsf\u00f6rs\u00e4kringar<\/h3>\n<p>Regeringen och V\u00e4nsterpartiet r\u00e4knar med att tillf\u00f6ra 1 miljard till sjukv\u00e5rden i offentlig sektor genom att b\u00f6rja f\u00f6rm\u00e5nsbeskatta privata sjukv\u00e5rdsf\u00f6rs\u00e4kringar n\u00e4sta \u00e5r. Det \u00e4r h\u00f6g tid att kritikerna erk\u00e4nner att j\u00e4mlik sjukv\u00e5rd \u00e4r bra och att st\u00f6rsta m\u00f6jliga valfrihet inte alltid \u00e4r b\u00e4st.<\/p>\n<p>Det var n\u00f6dv\u00e4ndigt att s\u00e4tta stopp f\u00f6r det skenande tecknandet av privata sjukv\u00e5rdsf\u00f6rs\u00e4kringar och ist\u00e4llet reflektera \u00f6ver de m\u00e5nga f\u00f6rdelar som finns med hur vi lagt upp v\u00e5rden i Sverige.<\/p>\n<p>Den 8\/6 kom New York Times ledarsida till vissa centrala slutsatser runt marknadsliberal och privat sjukv\u00e5rd med inriktning p\u00e5 mediciner, n\u00e4mligen att: \u201dm\u00e4nniskor som \u00e4r beroende av mediciner f\u00f6rtj\u00e4nar en b\u00e4ttre bild av vad det \u00e4r dom betalar f\u00f6r\u201d.<\/p>\n<p>Allts\u00e5, den privata sjukv\u00e5rden \u00e4r inte bara oj\u00e4mlik &#8211; den kostar mycket och driver p\u00e5 i riktning mot anv\u00e4ndning av nya dyra mediciner som inte \u00e4r ordentligt utprovade. Det som kostar allra mest sker till desperata patienter som s\u00e4tter sitt sista hopp till s\u00e5dant som ibland tangerar att vara kvacksalveri.<\/p>\n<p>Det \u00e4r h\u00f6g tid b\u00f6rja se f\u00f6rdelarna att i Sverige har vi satt vissa begr\u00e4nsningar i valfriheten och hur man kan anv\u00e4nda sin pl\u00e5nbok.<\/p>\n<p>Man m\u00e5ste f\u00f6rst g\u00e5 till v\u00e5rdcentralen f\u00f6r att f\u00e5 en eventuell remiss till en specialist. Allt detta g\u00f6r att vi vid n\u00e4rmare eftertanke har en ganska bra evidensbaserad och effektiv sjukv\u00e5rd. V\u00e5rden i offentlig sektor kan f\u00f6r den skull aldrig bli billig. Att v\u00e4rna om solidaritet, offentlig sektor och att f\u00f6rm\u00e5nsbeskatta en halv miljon svenskar som t\u00e4nker osolidariskt kring framtidens v\u00e5rd \u00e4r ett f\u00f6rsta steg mot utfasning av de privata v\u00e5rdf\u00f6rs\u00e4kringarna.<\/p>\n<p>Mikael Sterner (LPo), S\u00e4vsj\u00f6<\/p>\n<p>Publicerad: Sm\u00e5lands Dagblad \/ Vetlanda Posten 2018-06-21<\/p>\n<p>L\u00e4nk:\u00a0<a href=\"https:\/\/www.nytimes.com\/2018\/06\/08\/opinion\/drug-approval-cutting-prices.html\" target=\"_blank\" rel=\"noopener\">https:\/\/www.nytimes.com\/2018\/06\/08\/opinion\/drug-approval-cutting-prices.html\u00a0<\/a><\/p>\n","protected":false},"excerpt":{"rendered":"<p>Helt r\u00e4tt att beskatta sjukv\u00e5rdsf\u00f6rs\u00e4kringar Regeringen och V\u00e4nsterpartiet r\u00e4knar med att tillf\u00f6ra 1 miljard till sjukv\u00e5rden i offentlig sektor genom att b\u00f6rja f\u00f6rm\u00e5nsbeskatta privata sjukv\u00e5rdsf\u00f6rs\u00e4kringar n\u00e4sta \u00e5r. Det \u00e4r h\u00f6g tid att kritikerna erk\u00e4nner att j\u00e4mlik sjukv\u00e5rd \u00e4r bra och <span class=\"excerpt-dots\">&hellip;<\/span> <a class=\"more-link\" href=\"https:\/\/arkiv.landsbygdspartiet.org\/jonkopingslan\/helt-ratt-att-beskatta-sjukvardsforsakringar\/\"><span class=\"more-msg\">L\u00e4s mer &rarr;<\/span><\/a><\/p>\n","protected":false},"author":29,"featured_media":0,"parent":0,"menu_order":0,"comment_status":"closed","ping_status":"closed","template":"","meta":[],"_links":{"self":[{"href":"https:\/\/arkiv.landsbygdspartiet.org\/jonkopingslan\/wp-json\/wp\/v2\/pages\/196"}],"collection":[{"href":"https:\/\/arkiv.landsbygdspartiet.org\/jonkopingslan\/wp-json\/wp\/v2\/pages"}],"about":[{"href":"https:\/\/arkiv.landsbygdspartiet.org\/jonkopingslan\/wp-json\/wp\/v2\/types\/page"}],"author":[{"embeddable":true,"href":"https:\/\/arkiv.landsbygdspartiet.org\/jonkopingslan\/wp-json\/wp\/v2\/users\/29"}],"replies":[{"embeddable":true,"href":"https:\/\/arkiv.landsbygdspartiet.org\/jonkopingslan\/wp-json\/wp\/v2\/comments?post=196"}],"version-history":[{"count":2,"href":"https:\/\/arkiv.landsbygdspartiet.org\/jonkopingslan\/wp-json\/wp\/v2\/pages\/196\/revisions"}],"predecessor-version":[{"id":199,"href":"https:\/\/arkiv.landsbygdspartiet.org\/jonkopingslan\/wp-json\/wp\/v2\/pages\/196\/revisions\/199"}],"wp:attachment":[{"href":"https:\/\/arkiv.landsbygdspartiet.org\/jonkopingslan\/wp-json\/wp\/v2\/media?parent=196"}],"curies":[{"name":"wp","href":"https:\/\/api.w.org\/{rel}","templated":true}]}}