{"id":226,"date":"2018-08-01T01:21:34","date_gmt":"2018-07-31T23:21:34","guid":{"rendered":"https:\/\/landsbygdspartiet.org\/jonkopingslan\/?page_id=226"},"modified":"2018-08-01T01:21:34","modified_gmt":"2018-07-31T23:21:34","slug":"regeringen-borde-valkomna-att-agande-stannar-i-sverige","status":"publish","type":"page","link":"https:\/\/arkiv.landsbygdspartiet.org\/jonkopingslan\/regeringen-borde-valkomna-att-agande-stannar-i-sverige\/","title":{"rendered":"Regeringen borde v\u00e4lkomna att \u00e4gande stannar i Sverige"},"content":{"rendered":"<h3>Regeringen borde v\u00e4lkomna att \u00e4gande stannar i Sverige<\/h3>\n<p>Dominerande st\u00e4llning inom massmedierna \u00e4r ett begrepp som utvecklats v\u00e4ldigt mycket de senare \u00e5ren. S-regeringen f\u00f6rargar sig p\u00e5 ett n\u00e4rmast l\u00f6jev\u00e4ckande s\u00e4tt \u00f6ver att Telia vill k\u00f6pa TV4 av Bonnier som inte kommer ha r\u00e5d m\u00f6ta konkurrensen. Regeringen borde v\u00e4lkomna att \u00e4gandet av TV4 stannar i Sverige.<\/p>\n<p>\u201dStockholmsmedierna\u201d \u00e4gnar sig v\u00e4ldigt lite \u00e5t landsorten och de perspektiv som kommer fram i TV4 och SVT \u00e4r mycket likriktade. I Almedalen springer samma politiska elitfolk mellan de olika redaktionerna f\u00f6r att ge ett exempel p\u00e5 hur sn\u00e4v rapporteringen blir, trots att man s\u00e4ger sig spegla m\u00e5ngfald.<\/p>\n<p>Sm\u00e5partier \u00e4r heller inte v\u00e4lkomna i Stockholmsmedierna. De sl\u00e5r verkligen vakt om befintliga maktstrukturer \u00f6ver 4-procentssp\u00e4rren. S\u00e5 vem som \u00e4ger dem \u00e4r i vart fall ingen st\u00f6rre fr\u00e5ga bry sig om p\u00e5 landsbygden. V\u00e5ra perspektiv och v\u00e4rderingar kommer inte fram i Stockholmsmedierna \u00e4nd\u00e5.<\/p>\n<p>Vill man ge demokratin en skjuts i r\u00e4tt riktning \u00e4r det nu l\u00e4ge smalna av hela SVT ordentligt, l\u00e5ta kommersiella Telia driva TV-utvecklingen i Sverige fram\u00e5t och ist\u00e4llet satsa mer p\u00e5 public service Sveriges Radio lokalstationer. Det \u00e4r ocks\u00e5 angel\u00e4get att reformera reglerna f\u00f6r presst\u00f6d s\u00e5 att vi s\u00e4kerst\u00e4ller att landsortstidningarna finns kvar i framtiden och att prenumerationerna inte blir en klassfr\u00e5ga vem som har r\u00e5d vara informerad. Regeringen borde agera f\u00f6r helt andra mediem\u00e5l \u00e4n fokusera p\u00e5 vem som dominerar inom marks\u00e4nd TV, som faktiskt \u00e4r g\u00e5rdagens distributionsform.<\/p>\n<p>Mikael Sterner (LPo), S\u00e4vsj\u00f6<\/p>\n<p>Publicerad: Sm\u00e5lands Dagblad \/ Vetlanda-Posten 2018-08-01<\/p>\n","protected":false},"excerpt":{"rendered":"<p>Regeringen borde v\u00e4lkomna att \u00e4gande stannar i Sverige Dominerande st\u00e4llning inom massmedierna \u00e4r ett begrepp som utvecklats v\u00e4ldigt mycket de senare \u00e5ren. S-regeringen f\u00f6rargar sig p\u00e5 ett n\u00e4rmast l\u00f6jev\u00e4ckande s\u00e4tt \u00f6ver att Telia vill k\u00f6pa TV4 av Bonnier som inte <span class=\"excerpt-dots\">&hellip;<\/span> <a class=\"more-link\" href=\"https:\/\/arkiv.landsbygdspartiet.org\/jonkopingslan\/regeringen-borde-valkomna-att-agande-stannar-i-sverige\/\"><span class=\"more-msg\">L\u00e4s mer &rarr;<\/span><\/a><\/p>\n","protected":false},"author":29,"featured_media":0,"parent":0,"menu_order":0,"comment_status":"closed","ping_status":"closed","template":"","meta":[],"_links":{"self":[{"href":"https:\/\/arkiv.landsbygdspartiet.org\/jonkopingslan\/wp-json\/wp\/v2\/pages\/226"}],"collection":[{"href":"https:\/\/arkiv.landsbygdspartiet.org\/jonkopingslan\/wp-json\/wp\/v2\/pages"}],"about":[{"href":"https:\/\/arkiv.landsbygdspartiet.org\/jonkopingslan\/wp-json\/wp\/v2\/types\/page"}],"author":[{"embeddable":true,"href":"https:\/\/arkiv.landsbygdspartiet.org\/jonkopingslan\/wp-json\/wp\/v2\/users\/29"}],"replies":[{"embeddable":true,"href":"https:\/\/arkiv.landsbygdspartiet.org\/jonkopingslan\/wp-json\/wp\/v2\/comments?post=226"}],"version-history":[{"count":1,"href":"https:\/\/arkiv.landsbygdspartiet.org\/jonkopingslan\/wp-json\/wp\/v2\/pages\/226\/revisions"}],"predecessor-version":[{"id":227,"href":"https:\/\/arkiv.landsbygdspartiet.org\/jonkopingslan\/wp-json\/wp\/v2\/pages\/226\/revisions\/227"}],"wp:attachment":[{"href":"https:\/\/arkiv.landsbygdspartiet.org\/jonkopingslan\/wp-json\/wp\/v2\/media?parent=226"}],"curies":[{"name":"wp","href":"https:\/\/api.w.org\/{rel}","templated":true}]}}