{"id":4,"date":"2018-02-11T19:30:46","date_gmt":"2018-02-11T18:30:46","guid":{"rendered":"https:\/\/landsbygdspartiet.org\/jonkopingslan\/?page_id=4"},"modified":"2019-06-23T11:47:34","modified_gmt":"2019-06-23T09:47:34","slug":"startsida-jonkopings-lan","status":"publish","type":"page","link":"https:\/\/arkiv.landsbygdspartiet.org\/jonkopingslan\/","title":{"rendered":"Startsida J\u00f6nk\u00f6pings l\u00e4n"},"content":{"rendered":"<p style=\"text-align: center;\"><img loading=\"lazy\" class=\"size-medium wp-image-182 alignnone\" src=\"https:\/\/arkiv.landsbygdspartiet.org\/jonkopingslan\/wp-content\/uploads\/sites\/30\/2018\/06\/rallarros-98x300.jpg\" alt=\"\" width=\"98\" height=\"300\" srcset=\"https:\/\/arkiv.landsbygdspartiet.org\/jonkopingslan\/wp-content\/uploads\/sites\/30\/2018\/06\/rallarros-98x300.jpg 98w, https:\/\/arkiv.landsbygdspartiet.org\/jonkopingslan\/wp-content\/uploads\/sites\/30\/2018\/06\/rallarros.jpg 322w\" sizes=\"(max-width: 98px) 100vw, 98px\" \/>\u00a0 \u00a0 \u00a0<img loading=\"lazy\" class=\"wp-image-14 alignnone\" src=\"https:\/\/arkiv.landsbygdspartiet.org\/jonkopingslan\/wp-content\/uploads\/sites\/30\/2015\/10\/LPoJonkopings_lan-300x80.jpg\" alt=\"lpojonkopings_lan\" width=\"359\" height=\"105\" \/><\/p>\n<h3>V\u00e4lkommen!<\/h3>\n<h3><\/h3>\n<p><a href=\"https:\/\/arkiv.landsbygdspartiet.org\/jonkopingslan\/wp-content\/uploads\/sites\/30\/2018\/05\/Marknad01.jpg\"><img loading=\"lazy\" class=\"aligncenter size-full wp-image-140\" src=\"https:\/\/arkiv.landsbygdspartiet.org\/jonkopingslan\/wp-content\/uploads\/sites\/30\/2018\/05\/Marknad01.jpg\" alt=\"\" width=\"1341\" height=\"854\" srcset=\"https:\/\/arkiv.landsbygdspartiet.org\/jonkopingslan\/wp-content\/uploads\/sites\/30\/2018\/05\/Marknad01.jpg 1341w, https:\/\/arkiv.landsbygdspartiet.org\/jonkopingslan\/wp-content\/uploads\/sites\/30\/2018\/05\/Marknad01-300x191.jpg 300w, https:\/\/arkiv.landsbygdspartiet.org\/jonkopingslan\/wp-content\/uploads\/sites\/30\/2018\/05\/Marknad01-768x489.jpg 768w, https:\/\/arkiv.landsbygdspartiet.org\/jonkopingslan\/wp-content\/uploads\/sites\/30\/2018\/05\/Marknad01-1024x652.jpg 1024w\" sizes=\"(max-width: 1341px) 100vw, 1341px\" \/><\/a><\/p>\n<p>Kontakta Carl-Eric L\u00e4ndell &#8211; <a href=\"mailto:jonkoping.lan@landsbygdspartiet.org\">jonkoping.lan@landsbygdspartiet.org<\/a> &#8211; telefon: 076-1717152 om du vill engagera dig i arbetet med LPo i J\u00f6nk\u00f6pings l\u00e4n!<\/p>\n<p><a href=\"https:\/\/www.facebook.com\/Landsbygdspartiet-oberoende-J%C3%B6nk%C3%B6pingsl%C3%A4n-178856132723044\/\" target=\"_blank\" rel=\"noopener noreferrer\">LPo J\u00f6nk\u00f6pings l\u00e4n p\u00e5 Facebook<\/a>.<\/p>\n<h3>Vi v\u00e4rnar om den sm\u00e5skaliga driften och vill att Sveriges sj\u00e4lvf\u00f6rs\u00f6rjningsgrad av livsmedel h\u00f6js till 80-90 procent<\/h3>\n<p><img loading=\"lazy\" class=\"size-large wp-image-180 alignnone\" src=\"https:\/\/arkiv.landsbygdspartiet.org\/jonkopingslan\/wp-content\/uploads\/sites\/30\/2018\/06\/ko-1024x768.jpg\" alt=\"\" width=\"1024\" height=\"768\" srcset=\"https:\/\/arkiv.landsbygdspartiet.org\/jonkopingslan\/wp-content\/uploads\/sites\/30\/2018\/06\/ko-1024x768.jpg 1024w, https:\/\/arkiv.landsbygdspartiet.org\/jonkopingslan\/wp-content\/uploads\/sites\/30\/2018\/06\/ko-300x225.jpg 300w, https:\/\/arkiv.landsbygdspartiet.org\/jonkopingslan\/wp-content\/uploads\/sites\/30\/2018\/06\/ko-768x576.jpg 768w, https:\/\/arkiv.landsbygdspartiet.org\/jonkopingslan\/wp-content\/uploads\/sites\/30\/2018\/06\/ko.jpg 2048w\" sizes=\"(max-width: 1024px) 100vw, 1024px\" \/><\/p>\n<p><strong>Foto:<\/strong> Johanna Anderssons bes\u00e4ttning p\u00e5 Thorsabj\u00f6rke G\u00e5rd, S\u00f6lvesborg.<\/p>\n<h3><img loading=\"lazy\" class=\"size-full wp-image-60 alignnone\" src=\"https:\/\/arkiv.landsbygdspartiet.org\/jonkopingslan\/wp-content\/uploads\/sites\/30\/2018\/03\/debatt.jpg\" alt=\"\" width=\"254\" height=\"169\" \/><\/h3>\n<h3>Allm\u00e4npolitisk debatt fr\u00e5n LPo J\u00f6nk\u00f6pings l\u00e4n:<\/h3>\n<ul>\n<li><a href=\"https:\/\/arkiv.landsbygdspartiet.org\/jonkopingslan\/yrkesutbildningar-viktiga-for-framtiden\/\">Yrkesutbildningar viktiga f\u00f6r framtiden<\/a> &#8211; 2018-08-18<\/li>\n<li><a href=\"https:\/\/arkiv.landsbygdspartiet.org\/jonkopingslan\/for-lite-matnyttigt-infor-hostens-val\/\">F\u00f6r lite matnyttigt inf\u00f6r h\u00f6stens val<\/a> &#8211; 2018-08-11<\/li>\n<li><a href=\"https:\/\/arkiv.landsbygdspartiet.org\/jonkopingslan\/regeringen-borde-valkomna-att-agande-stannar-i-sverige\/\">Regeringen borde v\u00e4lkomna att \u00e4gande stannar i Sverige<\/a> (Telia \/ TV4) &#8211; 2018-08-01<\/li>\n<li><a href=\"https:\/\/arkiv.landsbygdspartiet.org\/jonkopingslan\/partier-bor-halla-sig-till-sakpolitiken\/\">Partier b\u00f6r h\u00e5lla sig till sakpolitiken!<\/a>\u00a0(abortfr\u00e5gan) &#8211; 2018-07-05<\/li>\n<li><a href=\"https:\/\/arkiv.landsbygdspartiet.org\/jonkopingslan\/helt-ratt-att-beskatta-sjukvardsforsakringar\/\">Helt r\u00e4tt att beskatta sjukv\u00e5rdsf\u00f6rs\u00e4kringar<\/a> &#8211; 2018-06-21<\/li>\n<li><a href=\"https:\/\/arkiv.landsbygdspartiet.org\/jonkopingslan\/risker-med-gemensam-overformyndarverksamhet\/\">Risker med gemensam \u00f6verf\u00f6rmyndarverksamhet<\/a> &#8211; 2018-06-09<\/li>\n<li><a href=\"https:\/\/arkiv.landsbygdspartiet.org\/jonkopingslan\/vi-varnar-om-kroniskt-langtidssjuka\/\">Vi v\u00e4rnar om kroniskt l\u00e5ngtidssjuka<\/a> &#8211; 2018-05-30<\/li>\n<li><a href=\"https:\/\/arkiv.landsbygdspartiet.org\/jonkopingslan\/fackets-nolltolerans-ar-inte-demokratisk\/\">Fackets nolltolerans \u00e4r inte demokratisk<\/a> &#8211; 2018-05-26<\/li>\n<li><a href=\"https:\/\/arkiv.landsbygdspartiet.org\/jonkopingslan\/omotiverat-stort-fokus-pa-facebook\/\">Omotiverat stort fokus p\u00e5 Facebook<\/a> &#8211; 2018-05-04<\/li>\n<li><a href=\"https:\/\/arkiv.landsbygdspartiet.org\/jonkopingslan\/sa-har-menar-lpo-med-ett-valkomstkontrakt\/\">V\u00e4lkomstkontrakt f\u00f6r migranter<\/a> &#8211; 2018-04-26<\/li>\n<li><a href=\"https:\/\/arkiv.landsbygdspartiet.org\/jonkopingslan\/uppluckra-inte-markagandet\/\">Uppluckra inte mark\u00e4gandet<\/a> &#8211; 2018-02-24<\/li>\n<\/ul>\n<h3>ARKIVERAT: <a href=\"https:\/\/arkiv.landsbygdspartiet.org\/jonkopingslan\/arkiverat-valet-savsjo-kommun-2018\/\">Valet 2018 i S\u00e4vsj\u00f6 kommun<\/a><\/h3>\n<h3><\/h3>\n<h2><a href=\"http:\/\/users2.smartgb.com\/g\/g.php?a=s&amp;i=g26-36317-7c\"><em>Skriv in dig i v\u00e5r g\u00e4stbok!<\/em><\/a><\/h2>\n<p><a href=\"https:\/\/arkiv.landsbygdspartiet.org\/jonkopingslan\/stod-lansforbundet-ekonomiskt\"><img loading=\"lazy\" class=\"size-full wp-image-70 alignnone\" src=\"https:\/\/arkiv.landsbygdspartiet.org\/jonkopingslan\/wp-content\/uploads\/sites\/30\/2018\/03\/St\u00f6dLPo.jpg\" alt=\"\" width=\"600\" height=\"155\" srcset=\"https:\/\/arkiv.landsbygdspartiet.org\/jonkopingslan\/wp-content\/uploads\/sites\/30\/2018\/03\/St\u00f6dLPo.jpg 600w, https:\/\/arkiv.landsbygdspartiet.org\/jonkopingslan\/wp-content\/uploads\/sites\/30\/2018\/03\/St\u00f6dLPo-300x78.jpg 300w\" sizes=\"(max-width: 600px) 100vw, 600px\" \/><\/a><\/p>\n<p><img loading=\"lazy\" class=\"size-full wp-image-200 alignnone\" src=\"https:\/\/arkiv.landsbygdspartiet.org\/jonkopingslan\/wp-content\/uploads\/sites\/30\/2018\/06\/E4anNorrMarkarydAG.jpg\" alt=\"\" width=\"700\" height=\"483\" srcset=\"https:\/\/arkiv.landsbygdspartiet.org\/jonkopingslan\/wp-content\/uploads\/sites\/30\/2018\/06\/E4anNorrMarkarydAG.jpg 700w, https:\/\/arkiv.landsbygdspartiet.org\/jonkopingslan\/wp-content\/uploads\/sites\/30\/2018\/06\/E4anNorrMarkarydAG-300x207.jpg 300w\" sizes=\"(max-width: 700px) 100vw, 700px\" \/><br \/>\n<strong>Foto:<\/strong>\u00a0Arne Gunnarsson, banderoll l\u00e4ngs med E4:an norr om Markaryd.<\/p>\n<p>Sidan uppdaterad: 2019-06-23<\/p>\n","protected":false},"excerpt":{"rendered":"<p>\u00a0 \u00a0 \u00a0 V\u00e4lkommen! Kontakta Carl-Eric L\u00e4ndell &#8211; jonkoping.lan@landsbygdspartiet.org &#8211; telefon: 076-1717152 om du vill engagera dig i arbetet med LPo i J\u00f6nk\u00f6pings l\u00e4n! LPo J\u00f6nk\u00f6pings l\u00e4n p\u00e5 Facebook. Vi v\u00e4rnar om den sm\u00e5skaliga driften och vill att Sveriges sj\u00e4lvf\u00f6rs\u00f6rjningsgrad <span class=\"excerpt-dots\">&hellip;<\/span> <a class=\"more-link\" href=\"https:\/\/arkiv.landsbygdspartiet.org\/jonkopingslan\/\"><span class=\"more-msg\">L\u00e4s mer &rarr;<\/span><\/a><\/p>\n","protected":false},"author":29,"featured_media":0,"parent":0,"menu_order":0,"comment_status":"closed","ping_status":"closed","template":"","meta":[],"_links":{"self":[{"href":"https:\/\/arkiv.landsbygdspartiet.org\/jonkopingslan\/wp-json\/wp\/v2\/pages\/4"}],"collection":[{"href":"https:\/\/arkiv.landsbygdspartiet.org\/jonkopingslan\/wp-json\/wp\/v2\/pages"}],"about":[{"href":"https:\/\/arkiv.landsbygdspartiet.org\/jonkopingslan\/wp-json\/wp\/v2\/types\/page"}],"author":[{"embeddable":true,"href":"https:\/\/arkiv.landsbygdspartiet.org\/jonkopingslan\/wp-json\/wp\/v2\/users\/29"}],"replies":[{"embeddable":true,"href":"https:\/\/arkiv.landsbygdspartiet.org\/jonkopingslan\/wp-json\/wp\/v2\/comments?post=4"}],"version-history":[{"count":85,"href":"https:\/\/arkiv.landsbygdspartiet.org\/jonkopingslan\/wp-json\/wp\/v2\/pages\/4\/revisions"}],"predecessor-version":[{"id":277,"href":"https:\/\/arkiv.landsbygdspartiet.org\/jonkopingslan\/wp-json\/wp\/v2\/pages\/4\/revisions\/277"}],"wp:attachment":[{"href":"https:\/\/arkiv.landsbygdspartiet.org\/jonkopingslan\/wp-json\/wp\/v2\/media?parent=4"}],"curies":[{"name":"wp","href":"https:\/\/api.w.org\/{rel}","templated":true}]}}