{"id":63,"date":"2018-03-04T04:48:12","date_gmt":"2018-03-04T03:48:12","guid":{"rendered":"https:\/\/landsbygdspartiet.org\/jonkopingslan\/?page_id=63"},"modified":"2018-03-04T04:58:52","modified_gmt":"2018-03-04T03:58:52","slug":"uppluckra-inte-markagandet","status":"publish","type":"page","link":"https:\/\/arkiv.landsbygdspartiet.org\/jonkopingslan\/uppluckra-inte-markagandet\/","title":{"rendered":"Uppluckra inte mark\u00e4gandet"},"content":{"rendered":"<h3>Uppluckra inte mark\u00e4gandet<\/h3>\n<p>Landsbygdspartiet oberoende (LPo) har ett partiprogram med tung sakpolitisk pr\u00e4gel. Vi som engageras inom partiet har p\u00e5 olika s\u00e4tt v\u00e5r anknytning till landsbygden och s\u00e4tter d\u00e4rf\u00f6r dess b\u00e4sta i f\u00f6rsta rummet. Att v\u00e5rt parti v\u00e4xer kraftigare nu \u00e4n tidigare \u00e4r en reaktion p\u00e5 vad \u201dintellektuell milj\u00f6v\u00e4nster\u201d har f\u00e5tt g\u00f6ra i regeringsst\u00e4llning med Socialdemokraterna.<\/p>\n<p>En s\u00e5dan jurist som utredde f\u00f6rh\u00e5llanden inom skogen meddelade i Almedalen att hon ifr\u00e5gasatte privatpersoners r\u00e4tt att f\u00e5 \u00e4ga skog. Kort d\u00e4refter fick hon l\u00e4mna uppdraget som utredare men detta blottade f\u00f6r offentligheten djup konflikt i synen p\u00e5 en relativt stark privat \u00e4gander\u00e4tt och kommersiellt skogsbruk, mellan intellektuell milj\u00f6v\u00e4nster och traditionell socialdemokrati. Statsminister L\u00f6fven har regerat Sverige dugligt, samtidigt har han varit i en riktig r\u00e4vsax med Milj\u00f6partiet som \u00e4r LPo:s motpol.<\/p>\n<p>Tidningen Dagens Industri sl\u00e5r i sin <a href=\"https:\/\/www.di.se\/ledare\/tobias-wikstrom-varna-svenskarnas-ratt-att-bruka-sin-egen-skog\/\" target=\"_blank\" rel=\"noopener\">ledare 20\/2<\/a> fast att: \u201ddet redan \u00e4r sv\u00e5rare att anv\u00e4nda skogen f\u00f6r finansiering. \u2026 d\u00e5 den blivit en tillg\u00e5ng som n\u00e4r som helst kan uts\u00e4ttas f\u00f6r n\u00e5got som liknar konfiskation\u201d.<\/p>\n<p>Som boende i S\u00e4vsj\u00f6 kommun med mycket skogsbruk men ocks\u00e5 industrier med m\u00e5nga arbetstillf\u00e4llen som tillvaratar skogens r\u00e5vara mots\u00e4tter jag mig helt att privatpersoners ekonomiska v\u00e4rden f\u00e5r sl\u00e5s i spillror. \u00a0Mark\u00e4gandet skall inte uppluckras och vi ska inte forts\u00e4tta att utvecklas i riktning mot att bli en skoglig nationalpark styrd fr\u00e5n storstan.<\/p>\n<p>Avslutningsvis, jag l\u00e4rde k\u00e4nna min bygd genom samtal med v\u00e4ljare i en valstuga f\u00f6rra valr\u00f6relsen. Socialdemokratins regeringssamarbete med MP sp\u00e5s inte g\u00e5 S ostraffat f\u00f6rbi i S\u00e4vsj\u00f6 kommun.<\/p>\n<p>Mikael Sterner<\/p>\n<p>Publicerad: Sm\u00e5lands Dagblad \/ Vetlanda Posten 2018-02-24<\/p>\n","protected":false},"excerpt":{"rendered":"<p>Uppluckra inte mark\u00e4gandet Landsbygdspartiet oberoende (LPo) har ett partiprogram med tung sakpolitisk pr\u00e4gel. Vi som engageras inom partiet har p\u00e5 olika s\u00e4tt v\u00e5r anknytning till landsbygden och s\u00e4tter d\u00e4rf\u00f6r dess b\u00e4sta i f\u00f6rsta rummet. Att v\u00e5rt parti v\u00e4xer kraftigare nu <span class=\"excerpt-dots\">&hellip;<\/span> <a class=\"more-link\" href=\"https:\/\/arkiv.landsbygdspartiet.org\/jonkopingslan\/uppluckra-inte-markagandet\/\"><span class=\"more-msg\">L\u00e4s mer &rarr;<\/span><\/a><\/p>\n","protected":false},"author":29,"featured_media":0,"parent":0,"menu_order":0,"comment_status":"closed","ping_status":"closed","template":"","meta":[],"_links":{"self":[{"href":"https:\/\/arkiv.landsbygdspartiet.org\/jonkopingslan\/wp-json\/wp\/v2\/pages\/63"}],"collection":[{"href":"https:\/\/arkiv.landsbygdspartiet.org\/jonkopingslan\/wp-json\/wp\/v2\/pages"}],"about":[{"href":"https:\/\/arkiv.landsbygdspartiet.org\/jonkopingslan\/wp-json\/wp\/v2\/types\/page"}],"author":[{"embeddable":true,"href":"https:\/\/arkiv.landsbygdspartiet.org\/jonkopingslan\/wp-json\/wp\/v2\/users\/29"}],"replies":[{"embeddable":true,"href":"https:\/\/arkiv.landsbygdspartiet.org\/jonkopingslan\/wp-json\/wp\/v2\/comments?post=63"}],"version-history":[{"count":2,"href":"https:\/\/arkiv.landsbygdspartiet.org\/jonkopingslan\/wp-json\/wp\/v2\/pages\/63\/revisions"}],"predecessor-version":[{"id":69,"href":"https:\/\/arkiv.landsbygdspartiet.org\/jonkopingslan\/wp-json\/wp\/v2\/pages\/63\/revisions\/69"}],"wp:attachment":[{"href":"https:\/\/arkiv.landsbygdspartiet.org\/jonkopingslan\/wp-json\/wp\/v2\/media?parent=63"}],"curies":[{"name":"wp","href":"https:\/\/api.w.org\/{rel}","templated":true}]}}