{"id":99,"date":"2018-03-30T12:55:15","date_gmt":"2018-03-30T10:55:15","guid":{"rendered":"https:\/\/landsbygdspartiet.org\/jonkopingslan\/?page_id=99"},"modified":"2018-06-14T20:49:10","modified_gmt":"2018-06-14T18:49:10","slug":"valmanifest-savsjo-kommun","status":"publish","type":"page","link":"https:\/\/arkiv.landsbygdspartiet.org\/jonkopingslan\/valmanifest-savsjo-kommun\/","title":{"rendered":"Valmanifest S\u00e4vsj\u00f6 kommun"},"content":{"rendered":"<h3><a href=\"https:\/\/arkiv.landsbygdspartiet.org\/jonkopingslan\/wp-content\/uploads\/sites\/30\/2018\/03\/LPO.png\"><img loading=\"lazy\" class=\"alignleft size-large wp-image-80\" src=\"https:\/\/arkiv.landsbygdspartiet.org\/jonkopingslan\/wp-content\/uploads\/sites\/30\/2018\/03\/LPO-1024x154.png\" alt=\"\" width=\"1024\" height=\"154\" srcset=\"https:\/\/arkiv.landsbygdspartiet.org\/jonkopingslan\/wp-content\/uploads\/sites\/30\/2018\/03\/LPO-1024x154.png 1024w, https:\/\/arkiv.landsbygdspartiet.org\/jonkopingslan\/wp-content\/uploads\/sites\/30\/2018\/03\/LPO-300x45.png 300w, https:\/\/arkiv.landsbygdspartiet.org\/jonkopingslan\/wp-content\/uploads\/sites\/30\/2018\/03\/LPO-768x115.png 768w, https:\/\/arkiv.landsbygdspartiet.org\/jonkopingslan\/wp-content\/uploads\/sites\/30\/2018\/03\/LPO.png 1026w\" sizes=\"(max-width: 1024px) 100vw, 1024px\" \/><\/a><\/h3>\n<h3>LPo g\u00e5r till val p\u00e5 en gener\u00f6s \u00e4ldrepolitik och l\u00e4nstrafik i hela S\u00e4vsj\u00f6 kommun p\u00e5 helger<\/h3>\n<ul>\n<li>R\u00e4tt till \u00e4ldreboende f\u00f6r alla som \u00e4r 85+<\/li>\n<li>Viktigast med decentraliserade v\u00e5rd- och omsorgsl\u00f6sningar inom hela kommunen<\/li>\n<li>Frikostig syn p\u00e5 r\u00e4tten att f\u00e5 hem en matl\u00e5da och att alla bist\u00e5ndsbeslut r\u00f6rande mat verkligen s\u00e4kerst\u00e4ller att den \u00e4ldre intar maten<\/li>\n<\/ul>\n<p>&nbsp;<\/p>\n<h3>Polis och r\u00e4ddningstj\u00e4nst<\/h3>\n<ul>\n<li>Polisen \u00e4r synlig i kommunen. Partiet har en nolltolerans mot narkotika<\/li>\n<li>Det beh\u00f6ver placeras ut n\u00e5gon mer* ambulans p\u00e5 det sm\u00e5l\u00e4ndska H\u00f6glandet<br \/>\n* l\u00e4s mer om ambulansen &#8221;<a href=\"https:\/\/www.s112.se\/2018\/05\/28\/trolltyg-i-jonkopings-lan\/\" target=\"_blank\" rel=\"noopener\">Trolltyg i J\u00f6nk\u00f6pings l\u00e4n<\/a>&#8221;<\/li>\n<\/ul>\n<p>&nbsp;<\/p>\n<h3>Bredband \/ Savman<\/h3>\n<ul>\n<li>Det ska kosta lika mycket att ansluta till Savmans bredband oavsett var man bor i kommunen<\/li>\n<\/ul>\n<p>&nbsp;<\/p>\n<h3>S\u00e4vsj\u00f6 N\u00e4ringsliv<\/h3>\n<ul>\n<li>Ge n\u00e4ringslivsorganisationen \u00e4nnu mer ekonomiska resurser till att st\u00f6tta erfarna nysvenskar komma ig\u00e5ng med f\u00f6retagande i kommunen<\/li>\n<\/ul>\n<p>&nbsp;<\/p>\n<p><img loading=\"lazy\" class=\"size-full wp-image-143 alignnone\" src=\"https:\/\/arkiv.landsbygdspartiet.org\/jonkopingslan\/wp-content\/uploads\/sites\/30\/2018\/05\/Marknad04.jpg\" alt=\"\" width=\"684\" height=\"968\" srcset=\"https:\/\/arkiv.landsbygdspartiet.org\/jonkopingslan\/wp-content\/uploads\/sites\/30\/2018\/05\/Marknad04.jpg 684w, https:\/\/arkiv.landsbygdspartiet.org\/jonkopingslan\/wp-content\/uploads\/sites\/30\/2018\/05\/Marknad04-212x300.jpg 212w\" sizes=\"(max-width: 684px) 100vw, 684px\" \/><br \/>\nCarl-Eric L\u00e4ndell, Vrigstad och Mikael Sterner, S\u00e4vsj\u00f6 p\u00e5 Vrigstad Marknad 19\/5.<\/p>\n<h3>Socialpolitisk f\u00f6rdjupning<\/h3>\n<p>LPo deltog med ett <a href=\"https:\/\/arkiv.landsbygdspartiet.org\/jonkopingslan\/wp-content\/uploads\/sites\/30\/2018\/05\/Livslust-remissvar-20180304.pdf\" target=\"_blank\" rel=\"noopener\">remissvar <\/a>p\u00e5 den under v\u00e5ren antagna <a href=\"http:\/\/www.savsjo.se\/download\/18.1d2a7c7616342fe18ec15ab\/1525848722051\/Aldreplan%202018-05-08.pdf\" target=\"_blank\" rel=\"noopener\">\u00e4ldreplanen i S\u00e4vsj\u00f6 kommun<\/a>.<\/p>\n<p>Den som unders\u00f6ker remissyttrandet och \u00e4ldreplanen finner att LPo till stor del drev fackf\u00f6rbundet Kommunals fr\u00e5gor. LPo fick inget geh\u00f6r. LPo st\u00f6djer d\u00e4rf\u00f6r\u00a0<span style=\"text-decoration: underline\">inte<\/span>\u00a0C och S styre av socialn\u00e4mnden i S\u00e4vsj\u00f6 kommun. LPo kommer att verka f\u00f6r att andra beslutsfattare kommer till makten och styret i socialn\u00e4mnden efter valet i september 2018.<\/p>\n<ul>\n<li><a href=\"https:\/\/arkiv.landsbygdspartiet.org\/jonkopingslan\/risker-med-gemensam-overformyndarverksamhet\/\">Risker med gemensam \u00f6verf\u00f6rmyndarverksamhet<\/a> &#8211; 2018-06-09<\/li>\n<\/ul>\n<p>&nbsp;<\/p>\n<p>Senast uppdaterad: 2018-06-14<\/p>\n","protected":false},"excerpt":{"rendered":"<p>LPo g\u00e5r till val p\u00e5 en gener\u00f6s \u00e4ldrepolitik och l\u00e4nstrafik i hela S\u00e4vsj\u00f6 kommun p\u00e5 helger R\u00e4tt till \u00e4ldreboende f\u00f6r alla som \u00e4r 85+ Viktigast med decentraliserade v\u00e5rd- och omsorgsl\u00f6sningar inom hela kommunen Frikostig syn p\u00e5 r\u00e4tten att f\u00e5 hem <span class=\"excerpt-dots\">&hellip;<\/span> <a class=\"more-link\" href=\"https:\/\/arkiv.landsbygdspartiet.org\/jonkopingslan\/valmanifest-savsjo-kommun\/\"><span class=\"more-msg\">L\u00e4s mer &rarr;<\/span><\/a><\/p>\n","protected":false},"author":29,"featured_media":0,"parent":0,"menu_order":0,"comment_status":"closed","ping_status":"closed","template":"","meta":[],"_links":{"self":[{"href":"https:\/\/arkiv.landsbygdspartiet.org\/jonkopingslan\/wp-json\/wp\/v2\/pages\/99"}],"collection":[{"href":"https:\/\/arkiv.landsbygdspartiet.org\/jonkopingslan\/wp-json\/wp\/v2\/pages"}],"about":[{"href":"https:\/\/arkiv.landsbygdspartiet.org\/jonkopingslan\/wp-json\/wp\/v2\/types\/page"}],"author":[{"embeddable":true,"href":"https:\/\/arkiv.landsbygdspartiet.org\/jonkopingslan\/wp-json\/wp\/v2\/users\/29"}],"replies":[{"embeddable":true,"href":"https:\/\/arkiv.landsbygdspartiet.org\/jonkopingslan\/wp-json\/wp\/v2\/comments?post=99"}],"version-history":[{"count":7,"href":"https:\/\/arkiv.landsbygdspartiet.org\/jonkopingslan\/wp-json\/wp\/v2\/pages\/99\/revisions"}],"predecessor-version":[{"id":191,"href":"https:\/\/arkiv.landsbygdspartiet.org\/jonkopingslan\/wp-json\/wp\/v2\/pages\/99\/revisions\/191"}],"wp:attachment":[{"href":"https:\/\/arkiv.landsbygdspartiet.org\/jonkopingslan\/wp-json\/wp\/v2\/media?parent=99"}],"curies":[{"name":"wp","href":"https:\/\/api.w.org\/{rel}","templated":true}]}}