{"id":5,"date":"2016-11-30T19:38:13","date_gmt":"2016-11-30T18:38:13","guid":{"rendered":"https:\/\/landsbygdspartiet.org\/kalmarlan\/?page_id=5"},"modified":"2017-01-16T21:48:05","modified_gmt":"2017-01-16T20:48:05","slug":"startsida-kalmar-lan","status":"publish","type":"page","link":"https:\/\/arkiv.landsbygdspartiet.org\/kalmarlan\/","title":{"rendered":"Startsida Kalmar l\u00e4n"},"content":{"rendered":"<p style=\"text-align: center;\"><a href=\"https:\/\/arkiv.landsbygdspartiet.org\/kalmarlan\/wp-content\/uploads\/sites\/41\/2016\/11\/LPoKalmar_lan.jpg\"><img loading=\"lazy\" class=\"aligncenter size-medium wp-image-12\" src=\"https:\/\/arkiv.landsbygdspartiet.org\/kalmarlan\/wp-content\/uploads\/sites\/41\/2016\/11\/LPoKalmar_lan-300x80.jpg\" alt=\"lpokalmar_lan\" width=\"300\" height=\"80\" srcset=\"https:\/\/arkiv.landsbygdspartiet.org\/kalmarlan\/wp-content\/uploads\/sites\/41\/2016\/11\/LPoKalmar_lan-300x80.jpg 300w, https:\/\/arkiv.landsbygdspartiet.org\/kalmarlan\/wp-content\/uploads\/sites\/41\/2016\/11\/LPoKalmar_lan-768x206.jpg 768w, https:\/\/arkiv.landsbygdspartiet.org\/kalmarlan\/wp-content\/uploads\/sites\/41\/2016\/11\/LPoKalmar_lan-1024x274.jpg 1024w, https:\/\/arkiv.landsbygdspartiet.org\/kalmarlan\/wp-content\/uploads\/sites\/41\/2016\/11\/LPoKalmar_lan.jpg 1831w\" sizes=\"(max-width: 300px) 100vw, 300px\" \/><\/a><span style=\"font-size: 16pt;\"><strong>Den 16 januari 2017 startade Landsbygdspartiet oberoende<br \/>\nett l\u00e4nsf\u00f6rbund i Kalmar l\u00e4n.<br \/>\nSamtidigt startade \u00e4ven en avdelning f\u00f6r Vimmerby kommun!<br \/>\nEtt stort grattis till er!<br \/>\n<\/strong><\/span><\/p>\n<p><strong><img loading=\"lazy\" class=\"aligncenter wp-image-33 size-large\" src=\"https:\/\/arkiv.landsbygdspartiet.org\/kalmarlan\/wp-content\/uploads\/sites\/41\/2016\/11\/170116-Kalmar-lan-bildat-1024x642.jpg\" width=\"1024\" height=\"642\" srcset=\"https:\/\/arkiv.landsbygdspartiet.org\/kalmarlan\/wp-content\/uploads\/sites\/41\/2016\/11\/170116-Kalmar-lan-bildat-1024x642.jpg 1024w, https:\/\/arkiv.landsbygdspartiet.org\/kalmarlan\/wp-content\/uploads\/sites\/41\/2016\/11\/170116-Kalmar-lan-bildat-300x188.jpg 300w, https:\/\/arkiv.landsbygdspartiet.org\/kalmarlan\/wp-content\/uploads\/sites\/41\/2016\/11\/170116-Kalmar-lan-bildat-768x482.jpg 768w, https:\/\/arkiv.landsbygdspartiet.org\/kalmarlan\/wp-content\/uploads\/sites\/41\/2016\/11\/170116-Kalmar-lan-bildat.jpg 1440w\" sizes=\"(max-width: 1024px) 100vw, 1024px\" \/><\/strong><br \/>\nLandsbygdspartiets ordf\u00f6rande Erika S\u00f6reng\u00e5rd samt Pierre L\u00e4ndell fr\u00e5n angr\u00e4nsande \u00d6sterg\u00f6tlands l\u00e4nsf\u00f6rbund och Kinda kommun deltog i tr\u00e4ffen.<br \/>\nKontaktperson f\u00f6r Kalmar l\u00e4n \u00e4r Annica Johansson i Vimmerby.<br \/>\nAnnica n\u00e5s via\u00a0 070-673 22 90\u00a0 och\u00a0 <a href=\"mailto:kalmar.lan@landsbygdspartiet.org\">kalmar.lan@landsbygdspartiet.org<\/a><\/p>\n<p>Mer information kommer.<\/p>\n<p>Riksorganisationen Landsbygdspartiet oberoende planerar sitt Landsbygdsm\u00f6te\u00a0 till 22 april i Svenljungatrakten.\u00a0 Du kan bli medlem och betala p\u00e5 plats i Gullringen, dvs f\u00f6re 22 januari, d\u00e5 har du enligt stadgarna r\u00e4tt att l\u00e4mna in motioner till\u00a0 \u2013 och r\u00f6sta p\u00e5 \u2013 \u00e5rsm\u00f6tet.<\/p>\n<p style=\"text-align: center;\"><span style=\"font-size: 16pt;\"><strong>Varmt v\u00e4lkommen!<\/strong><\/span><\/p>\n<p><span style=\"font-size: 12pt;\"><strong>I media:<\/strong><\/span><\/p>\n<p><span style=\"font-size: 10pt;\">2017-01-16\u00a0\u00a0Dagens Vimmerby\u00a0\u00a0 <a href=\"http:\/\/www.dagensvimmerby.se\/nyheter\/e\/10205\/nytt-parti-siktar-pa-fullmaktige-hor-annica-beratta-om-partiet\/#.WH0bOJ-cCP8.facebook\" target=\"_blank\">Nytt parti siktar p\u00e5 fullm\u00e4ktige \u2013 h\u00f6r Annica ber\u00e4tta om partiet<\/a><br \/>\n2017-01-16\u00a0 Dagens Vimmerby\u00a0\u00a0 <a href=\"http:\/\/www.dagensvimmerby.se\/nyheter\/politik\/e\/10185\/nationellt-parti-etablerar-sig-i-lanet-och-i-vimmerby\/\" target=\"_blank\">Nationellt parti etablerar sig i l\u00e4net \u2013 och i Vimmerby<\/a><br \/>\n2017-01-11\u00a0V\u00e4sterviks-Tidningen\u00a0 <a href=\"http:\/\/www.vt.se\/nyheter\/vastervik\/landsbygdspartiet-startar-lansforbund-om4455025.aspx\" target=\"_blank\">Landsbygdspartiet startar l\u00e4nsf\u00f6rbund<\/a>\u00a0\u00a0 <\/span><\/p>\n","protected":false},"excerpt":{"rendered":"<p>Den 16 januari 2017 startade Landsbygdspartiet oberoende ett l\u00e4nsf\u00f6rbund i Kalmar l\u00e4n. Samtidigt startade \u00e4ven en avdelning f\u00f6r Vimmerby kommun! Ett stort grattis till er! Landsbygdspartiets ordf\u00f6rande Erika S\u00f6reng\u00e5rd samt Pierre L\u00e4ndell fr\u00e5n angr\u00e4nsande \u00d6sterg\u00f6tlands l\u00e4nsf\u00f6rbund och Kinda kommun deltog <span class=\"excerpt-dots\">&hellip;<\/span> <a class=\"more-link\" href=\"https:\/\/arkiv.landsbygdspartiet.org\/kalmarlan\/\"><span class=\"more-msg\">L\u00e4s mer &rarr;<\/span><\/a><\/p>\n","protected":false},"author":14,"featured_media":0,"parent":0,"menu_order":0,"comment_status":"closed","ping_status":"closed","template":"","meta":[],"_links":{"self":[{"href":"https:\/\/arkiv.landsbygdspartiet.org\/kalmarlan\/wp-json\/wp\/v2\/pages\/5"}],"collection":[{"href":"https:\/\/arkiv.landsbygdspartiet.org\/kalmarlan\/wp-json\/wp\/v2\/pages"}],"about":[{"href":"https:\/\/arkiv.landsbygdspartiet.org\/kalmarlan\/wp-json\/wp\/v2\/types\/page"}],"author":[{"embeddable":true,"href":"https:\/\/arkiv.landsbygdspartiet.org\/kalmarlan\/wp-json\/wp\/v2\/users\/14"}],"replies":[{"embeddable":true,"href":"https:\/\/arkiv.landsbygdspartiet.org\/kalmarlan\/wp-json\/wp\/v2\/comments?post=5"}],"version-history":[{"count":11,"href":"https:\/\/arkiv.landsbygdspartiet.org\/kalmarlan\/wp-json\/wp\/v2\/pages\/5\/revisions"}],"predecessor-version":[{"id":35,"href":"https:\/\/arkiv.landsbygdspartiet.org\/kalmarlan\/wp-json\/wp\/v2\/pages\/5\/revisions\/35"}],"wp:attachment":[{"href":"https:\/\/arkiv.landsbygdspartiet.org\/kalmarlan\/wp-json\/wp\/v2\/media?parent=5"}],"curies":[{"name":"wp","href":"https:\/\/api.w.org\/{rel}","templated":true}]}}