{"id":10,"date":"2019-03-06T20:49:49","date_gmt":"2019-03-06T19:49:49","guid":{"rendered":"https:\/\/landsbygdspartiet.org\/ornskoldsvik\/?page_id=10"},"modified":"2021-10-01T06:27:33","modified_gmt":"2021-10-01T04:27:33","slug":"styrelse","status":"publish","type":"page","link":"https:\/\/arkiv.landsbygdspartiet.org\/ornskoldsvik\/styrelse\/","title":{"rendered":"Styrelse"},"content":{"rendered":"\n<p>Vi har haft extra \u00e5rsm\u00f6te 2021-09-30 p\u00e5 Sj\u00e4levads Friluftscentral i Cafeterian.\u00a0<\/p>\n<div id=\"attachment_146\" style=\"width: 310px\" class=\"wp-caption alignnone\"><a href=\"https:\/\/arkiv.landsbygdspartiet.org\/ornskoldsvik\/wp-content\/uploads\/sites\/72\/2021\/10\/styrelsen-o\u0308vik.jpg\"><img aria-describedby=\"caption-attachment-146\" loading=\"lazy\" class=\"wp-image-146 size-medium\" src=\"https:\/\/arkiv.landsbygdspartiet.org\/ornskoldsvik\/wp-content\/uploads\/sites\/72\/2021\/10\/styrelsen-o\u0308vik-300x225.jpg\" alt=\"Delar av nya styrelsen\" width=\"300\" height=\"225\" srcset=\"https:\/\/arkiv.landsbygdspartiet.org\/ornskoldsvik\/wp-content\/uploads\/sites\/72\/2021\/10\/styrelsen-o\u0308vik-300x225.jpg 300w, https:\/\/arkiv.landsbygdspartiet.org\/ornskoldsvik\/wp-content\/uploads\/sites\/72\/2021\/10\/styrelsen-o\u0308vik-768x577.jpg 768w, https:\/\/arkiv.landsbygdspartiet.org\/ornskoldsvik\/wp-content\/uploads\/sites\/72\/2021\/10\/styrelsen-o\u0308vik.jpg 960w\" sizes=\"(max-width: 300px) 100vw, 300px\" \/><\/a><p id=\"caption-attachment-146\" class=\"wp-caption-text\">P\u00e5 bilden \u00e4r delar av LPo \u00d6viks styrelse. Sekreteraren Ulla Carnemyr, Ordf\u00f6rande Marita \u00d6stman och Kass\u00f6ren David Gunnarsson<\/p><\/div>\n<p>\u00a0<\/p>\n<p>Nya styrelsen best\u00e5r av\u00a0<\/p>\n<p><strong>Ordf\u00f6rande<\/strong> Marita \u00d6stman<\/p>\n<p><strong>Sekreterare<\/strong> Ulla Carnemyr<\/p>\n<p><strong>Kass\u00f6r<\/strong> David Gunnarsson<\/p>\n<p><strong>Suppleant<\/strong>: Robert Carnemyr<\/p>\n<p><strong>Suppleant<\/strong>: Mikael Bergstr\u00f6m<\/p>\n<p>\u00a0<\/p>\n<p>Vi i LPo \u00d6rnsk\u00f6ldsvik v\u00e4lkomnar nya medlemmar att kontakta oss nystart och aktiva personer som \u00e4r intresserade av att f\u00f6ra fram v\u00e5r lokala landsbygdspolitik och som vill jobba aktivt i styrelsen.<\/p>\n","protected":false},"excerpt":{"rendered":"<p>Vi har haft extra \u00e5rsm\u00f6te 2021-09-30 p\u00e5 Sj\u00e4levads Friluftscentral i Cafeterian.\u00a0 \u00a0 Nya styrelsen best\u00e5r av\u00a0 Ordf\u00f6rande Marita \u00d6stman Sekreterare Ulla Carnemyr Kass\u00f6r David Gunnarsson Suppleant: Robert Carnemyr Suppleant: Mikael Bergstr\u00f6m \u00a0 Vi i LPo \u00d6rnsk\u00f6ldsvik v\u00e4lkomnar nya medlemmar att <span class=\"excerpt-dots\">&hellip;<\/span> <a class=\"more-link\" href=\"https:\/\/arkiv.landsbygdspartiet.org\/ornskoldsvik\/styrelse\/\"><span class=\"more-msg\">L\u00e4s mer &rarr;<\/span><\/a><\/p>\n","protected":false},"author":32,"featured_media":0,"parent":0,"menu_order":0,"comment_status":"closed","ping_status":"closed","template":"","meta":[],"_links":{"self":[{"href":"https:\/\/arkiv.landsbygdspartiet.org\/ornskoldsvik\/wp-json\/wp\/v2\/pages\/10"}],"collection":[{"href":"https:\/\/arkiv.landsbygdspartiet.org\/ornskoldsvik\/wp-json\/wp\/v2\/pages"}],"about":[{"href":"https:\/\/arkiv.landsbygdspartiet.org\/ornskoldsvik\/wp-json\/wp\/v2\/types\/page"}],"author":[{"embeddable":true,"href":"https:\/\/arkiv.landsbygdspartiet.org\/ornskoldsvik\/wp-json\/wp\/v2\/users\/32"}],"replies":[{"embeddable":true,"href":"https:\/\/arkiv.landsbygdspartiet.org\/ornskoldsvik\/wp-json\/wp\/v2\/comments?post=10"}],"version-history":[{"count":4,"href":"https:\/\/arkiv.landsbygdspartiet.org\/ornskoldsvik\/wp-json\/wp\/v2\/pages\/10\/revisions"}],"predecessor-version":[{"id":147,"href":"https:\/\/arkiv.landsbygdspartiet.org\/ornskoldsvik\/wp-json\/wp\/v2\/pages\/10\/revisions\/147"}],"wp:attachment":[{"href":"https:\/\/arkiv.landsbygdspartiet.org\/ornskoldsvik\/wp-json\/wp\/v2\/media?parent=10"}],"curies":[{"name":"wp","href":"https:\/\/api.w.org\/{rel}","templated":true}]}}