{"id":55,"date":"2013-04-25T10:22:16","date_gmt":"2013-04-25T08:22:16","guid":{"rendered":"https:\/\/www.landsbygdspartiet.se\/uppsala\/?page_id=55"},"modified":"2018-06-09T10:35:27","modified_gmt":"2018-06-09T08:35:27","slug":"media","status":"publish","type":"page","link":"https:\/\/arkiv.landsbygdspartiet.org\/uppsala\/media\/","title":{"rendered":"Exponering i media"},"content":{"rendered":"<h2>Exponering i media<\/h2>\n<p>V\u00e5r lokalf\u00f6rening har varit synlig fr\u00e4mst i den lokala pressen med ett antal debattartiklar:<\/p>\n<div id=\"attachment_430\" style=\"width: 310px\" class=\"wp-caption alignnone\"><a href=\"https:\/\/arkiv.landsbygdspartiet.org\/uppsala\/wp-content\/uploads\/sites\/2\/2018\/05\/Claes-LPO-ua.jpg\"><img aria-describedby=\"caption-attachment-430\" loading=\"lazy\" class=\"size-medium wp-image-430\" src=\"https:\/\/arkiv.landsbygdspartiet.org\/uppsala\/wp-content\/uploads\/sites\/2\/2018\/05\/Claes-LPO-ua-300x199.jpg\" alt=\"\" width=\"300\" height=\"199\" srcset=\"https:\/\/arkiv.landsbygdspartiet.org\/uppsala\/wp-content\/uploads\/sites\/2\/2018\/05\/Claes-LPO-ua-300x199.jpg 300w, https:\/\/arkiv.landsbygdspartiet.org\/uppsala\/wp-content\/uploads\/sites\/2\/2018\/05\/Claes-LPO-ua-768x510.jpg 768w, https:\/\/arkiv.landsbygdspartiet.org\/uppsala\/wp-content\/uploads\/sites\/2\/2018\/05\/Claes-LPO-ua-1024x680.jpg 1024w\" sizes=\"(max-width: 300px) 100vw, 300px\" \/><\/a><p id=\"caption-attachment-430\" class=\"wp-caption-text\"><a href=\"https:\/\/www.youtube.com\/watch?v=YNWUKbqDvAo&amp;feature=youtu.be\">Claes Littorin mitt i debatten hur Uppsala kommun ska bli en b\u00e4ttre kommun f\u00f6r f\u00f6retagare med LPo Uppsala i kommunstyrelsen<\/a><\/p><\/div>\n<p><a href=\"http:\/\/www.unt.se\/sport\/fri-parkering-vid-ifu-ett-maste-4959242.aspx\">UNT Sport debatt 23 april 2018 Fri parkering vid IFU arena<\/a><\/p>\n<p><a href=\"http:\/\/www.uppsalatidningen.se\/insandaredebatt\/trafikinfarkten-uppsala-4851852.aspx\">Uppsalatidningen 22 december 2017 Trafikinfarken Uppsala<\/a><\/p>\n<p><a href=\"http:\/\/unt.se\/asikt\/debatt\/ateruppratta-bilens-anseende-4828078.aspx\">UNT 25 november 2017 \u00e5teruppr\u00e4tta bilens anseende<\/a><\/p>\n<p><a href=\"http:\/\/www.uppsalatidningen.se\/insandaredebatt\/cykelinfrastruktur-for-alla-4755309.aspx\">Uppsalatidningen 26 Oktober Cykelinfrastruktur f\u00f6r alla<\/a><\/p>\n<p><a href=\"http:\/\/www.unt.se\/insandare\/oroande-att-cyklister-far-fortur-4794329.aspx\">UNT 23 Oktober oroande att cyklister f\u00e5r f\u00f6rtur<\/a><\/p>\n<p><a href=\"http:\/\/norrteljenyheter.se\/debatt\/senaste\/bidragspartiet-moderaterna\/\">Norrt\u00e4lje Nyheter 13 Oktober Bidragspartiet Moderaterna<\/a><\/p>\n<p>UNT\u00a0 2017-02-25\u00a0 <a href=\"http:\/\/www.unt.se\/asikt\/debatt\/slopa-ranteavdragen-4558864.aspx\" target=\"_blank\" rel=\"noopener\">Slopa r\u00e4nteavdragen<\/a><\/p>\n<p>UNT 2016-06-14\u00a0 <a href=\"https:\/\/www.unt.se\/asikt\/debatt\/kraftlost-miljoparti-tiger-4264771.aspx\" target=\"_blank\" rel=\"noopener\">Kraftl\u00f6st Milj\u00f6parti tiger &#8230;<\/a><\/p>\n<p>Reaktionerna p\u00e5 f\u00f6rslaget om att st\u00e4nga Alunda v\u00e5rdcentral\u00a0 <a href=\"https:\/\/arkiv.landsbygdspartiet.org\/uppsala\/2016\/01\/19\/arsmote-2016\/\" target=\"_blank\" rel=\"noopener\">(UNT 2016-05-17)<\/a><\/p>\n<p>S\u00e4rbehandla inte landsbygdsborna\u00a0 <a href=\"https:\/\/www.unt.se\/asikt\/debatt\/sarbehandla-inte-landsbygdsborna-4219460.aspx\" target=\"_blank\" rel=\"noopener\">(UNT 2016-05-09)<\/a><\/p>\n<p>L\u00e5t \u00c5kerl\u00e4nna skola f\u00e5 respit\u00a0 (<a href=\"https:\/\/www.unt.se\/asikt\/debatt\/lat-akerlanna-skola-fa-respit-4154370.aspx\" target=\"_blank\" rel=\"noopener\">UNT 2016-03-14<\/a>)<\/p>\n<p>Bara skurkarna har f\u00e5tt det b\u00e4ttre\u00a0 (<a href=\"https:\/\/norrteljetidning.se\/debatt\/1.3655276-bara-skurkarna-har-fatt-det-battre\" target=\"_blank\" rel=\"noopener\">Norrtelje Tidning 2016-03-14<\/a>)<\/p>\n<p><a href=\"https:\/\/www.unt.se\/asikt\/debatt\/landsbygden-bra-boende-for-aldre-3925146.aspx\" target=\"_blank\" rel=\"noopener\">Landsbygden bra boende f\u00f6r \u00e4ldre<\/a>\u00a0 (UNT 2015-10-14)<\/p>\n<p><a href=\"https:\/\/www.unt.se\/debattspecial\/nytt-parti-for-landsbygdens-basta-1996841.aspx\" target=\"_blank\" rel=\"noopener\">Nytt parti f\u00f6r landsbygdens b\u00e4sta UNT 2012-12-04<\/a><\/p>\n<p><a href=\"https:\/\/www.lantbruk.com\/lantbruk\/vi-tycker-inte-att-alliansen-gor-ett-smack#.UYwjmOwsTBc.email\" target=\"_blank\" rel=\"noopener\">Vi tycker inte att Alliansen g\u00f6r ett smack Lantbruk o Skogsland 2012-12-19<\/a><\/p>\n<p><a href=\"https:\/\/www.unt.se\/uppsala\/uppsalas-nyaste-parti-pa-landsbygdsturn-2056950.aspx#.UYwbnz53aBQ.email\" target=\"_blank\" rel=\"noopener\">Uppsalas nyaste parti p\u00e5 landsbygdsturn \u00e9 UNT 2013-01-08 <\/a><\/p>\n<p><a href=\"https:\/\/www.unt.se\/uppsala\/uppsalas-nyaste-parti-pa-landsbygdsturn-2056950.aspx\" target=\"_blank\" rel=\"noopener\">Uppsalas nyaste parti p\u00e5 landsbygdsturn\u00e9 UNT 2013-01-11<\/a><\/p>\n<p><a href=\"https:\/\/www.direktpress.se\/uppsalatidningen\/Aktuellt\/insandare\/DEBATT-Inga-fria-vargar-pa-var-landsbygd\/\" target=\"_blank\" rel=\"noopener\">Inga fria vargar p\u00e5 v\u00e5r landsbygd UNT 2013-01-31<\/a><\/p>\n<p><a href=\"https:\/\/arbetarbladet.se\/torget\/debatt\/1.5631748-svavelutslapp-ska-dras-ned\" target=\"_blank\" rel=\"noopener\">Svavelutsl\u00e4pp ska dras ned Arbetarbladet 2013-02-28 <\/a><\/p>\n<p><a href=\"https:\/\/www.direktpress.se\/uppsalatidningen\/Aktuellt\/insandare\/INSANDARE-Folk-pa-landet-betalar-ocksa-skatt\/?commentok=1#articleComment\" target=\"_blank\" rel=\"noopener\">Folk p\u00e5 landet betalar ocks\u00e5 skatt Uppsalatidningen 2013-03-14 <\/a><\/p>\n<p><a href=\"https:\/\/www.unt.se\/debattspecial\/landsbygden-ar-inte-konstant-2352217.aspx\" target=\"_blank\" rel=\"noopener\">Landsbygden \u00e4r inte homogen UNT 2013-03-31<\/a><\/p>\n<p><a href=\"https:\/\/www.unt.se\/debatt\/agera-for-landsbygden-nu-2367757.aspx\" target=\"_blank\" rel=\"noopener\">Agera f\u00f6r landsbygden nu UNT 2013-04-09<\/a><\/p>\n<p><a href=\"https:\/\/www.direktpress.se\/uppsalatidningen\/Aktuellt\/insandare\/DEBATT-Landsbygd-och-stad-i-symbios\/\" target=\"_blank\" rel=\"noopener\">Landsbygd och stad i symbios UNT 2013-04-11<\/a><\/p>\n<p><span class=\"published\"><span class=\"value-title\" title=\"2013-04-15T05:50:17+02:00\"><a href=\"https:\/\/dalademokraten.se\/2013\/04\/15\/mineralskatt-for-miljons-skull\/\" target=\"_blank\" rel=\"noopener\">Mineralskatt f\u00f6r milj\u00f6ns skull\u00a0 Dalademokraten 2013-04-15<\/a><br \/>\n<\/span><\/span><\/p>\n<p><a href=\"https:\/\/www.direktpress.se\/uppsalatidningen\/Aktuellt\/insandare\/INSANDARE-Osmaklig-dubbelmoral--i-Uppsalas-inkopspolicy\/\" target=\"_blank\" rel=\"noopener\">Osmaklig dubbelmoral i Uppsalas ink\u00f6pspolicy UNT <strong class=\"published\">2013-09-19 <\/strong><\/a><\/p>\n<p><a href=\"https:\/\/www.unt.se\/debattspecial\/landsbygden-lamnas-at-sitt-ode-2680693.aspx\" target=\"_blank\" rel=\"noopener\">Landsbygden l\u00e4mnas \u00e5t sitt \u00f6de UNT 2013-11-05<\/a><\/p>\n<p><a href=\"https:\/\/www.unt.se\/debattspecial\/ska-landsbygden-avknoppas-2682154.aspx#.Un0KoAglgH4.email\" target=\"_blank\" rel=\"noopener\">Ska landsbygden avknoppas? UNT 2013-11-08<\/a><\/p>\n<p>&nbsp;<\/p>\n<p>&nbsp;<\/p>\n<p>&nbsp;<\/p>\n<div class=\"fcbkbttn_buttons_block\" id=\"fcbkbttn_left\"><div class=\"fcbkbttn_like \"><fb:like href=\"https:\/\/arkiv.landsbygdspartiet.org\/uppsala\/media\/\" action=\"like\" colorscheme=\"light\" layout=\"button_count\"  size=\"small\"><\/fb:like><\/div><\/div>","protected":false},"excerpt":{"rendered":"<p>Exponering i media V\u00e5r lokalf\u00f6rening har varit synlig fr\u00e4mst i den lokala pressen med ett antal debattartiklar: UNT Sport debatt 23 april 2018 Fri parkering vid IFU arena Uppsalatidningen 22 december 2017 Trafikinfarken Uppsala UNT 25 november 2017 \u00e5teruppr\u00e4tta bilens <span class=\"excerpt-dots\">&hellip;<\/span> <a class=\"more-link\" href=\"https:\/\/arkiv.landsbygdspartiet.org\/uppsala\/media\/\"><span class=\"more-msg\">L\u00e4s mer &rarr;<\/span><\/a><\/p>\n","protected":false},"author":14,"featured_media":0,"parent":0,"menu_order":0,"comment_status":"closed","ping_status":"open","template":"","meta":[],"_links":{"self":[{"href":"https:\/\/arkiv.landsbygdspartiet.org\/uppsala\/wp-json\/wp\/v2\/pages\/55"}],"collection":[{"href":"https:\/\/arkiv.landsbygdspartiet.org\/uppsala\/wp-json\/wp\/v2\/pages"}],"about":[{"href":"https:\/\/arkiv.landsbygdspartiet.org\/uppsala\/wp-json\/wp\/v2\/types\/page"}],"author":[{"embeddable":true,"href":"https:\/\/arkiv.landsbygdspartiet.org\/uppsala\/wp-json\/wp\/v2\/users\/14"}],"replies":[{"embeddable":true,"href":"https:\/\/arkiv.landsbygdspartiet.org\/uppsala\/wp-json\/wp\/v2\/comments?post=55"}],"version-history":[{"count":16,"href":"https:\/\/arkiv.landsbygdspartiet.org\/uppsala\/wp-json\/wp\/v2\/pages\/55\/revisions"}],"predecessor-version":[{"id":450,"href":"https:\/\/arkiv.landsbygdspartiet.org\/uppsala\/wp-json\/wp\/v2\/pages\/55\/revisions\/450"}],"wp:attachment":[{"href":"https:\/\/arkiv.landsbygdspartiet.org\/uppsala\/wp-json\/wp\/v2\/media?parent=55"}],"curies":[{"name":"wp","href":"https:\/\/api.w.org\/{rel}","templated":true}]}}