{"id":8,"date":"2017-12-26T17:20:20","date_gmt":"2017-12-26T16:20:20","guid":{"rendered":"https:\/\/landsbygdspartiet.org\/vansbro\/?page_id=8"},"modified":"2017-12-26T17:20:20","modified_gmt":"2017-12-26T16:20:20","slug":"startsida","status":"publish","type":"page","link":"https:\/\/arkiv.landsbygdspartiet.org\/vansbro\/","title":{"rendered":"Startsida"},"content":{"rendered":"<p><a href=\"https:\/\/arkiv.landsbygdspartiet.org\/vansbro\/wp-content\/uploads\/sites\/63\/2017\/12\/LPoVansbro.jpg\"><img loading=\"lazy\" class=\"aligncenter size-medium wp-image-6\" src=\"https:\/\/arkiv.landsbygdspartiet.org\/vansbro\/wp-content\/uploads\/sites\/63\/2017\/12\/LPoVansbro-300x80.jpg\" alt=\"\" width=\"300\" height=\"80\" srcset=\"https:\/\/arkiv.landsbygdspartiet.org\/vansbro\/wp-content\/uploads\/sites\/63\/2017\/12\/LPoVansbro-300x80.jpg 300w, https:\/\/arkiv.landsbygdspartiet.org\/vansbro\/wp-content\/uploads\/sites\/63\/2017\/12\/LPoVansbro-768x206.jpg 768w, https:\/\/arkiv.landsbygdspartiet.org\/vansbro\/wp-content\/uploads\/sites\/63\/2017\/12\/LPoVansbro-1024x274.jpg 1024w, https:\/\/arkiv.landsbygdspartiet.org\/vansbro\/wp-content\/uploads\/sites\/63\/2017\/12\/LPoVansbro.jpg 1831w\" sizes=\"(max-width: 300px) 100vw, 300px\" \/><\/a><\/p>\n<p>Landsbygdspartiet Vansbro startade den 3 december 2017. Partiordf\u00f6rande Erika S\u00f6reng\u00e5rd presenterade partiet och h\u00f6ll i ordf\u00f6randeklubban under bildandem\u00f6tet.\u00a0 Du kan kontakta styrelsen i Vansbro <a href=\"mailto:vansbro@landsbygdspartiet.org\">vansbro@landsbygdspartiet.org<\/a><\/p>\n<p><a href=\"https:\/\/arkiv.landsbygdspartiet.org\/vansbro\/wp-content\/uploads\/sites\/63\/2017\/12\/171203-Vansbro1.jpg\"><img loading=\"lazy\" class=\"aligncenter wp-image-9\" src=\"https:\/\/arkiv.landsbygdspartiet.org\/vansbro\/wp-content\/uploads\/sites\/63\/2017\/12\/171203-Vansbro1-300x160.jpg\" alt=\"\" width=\"600\" height=\"319\" srcset=\"https:\/\/arkiv.landsbygdspartiet.org\/vansbro\/wp-content\/uploads\/sites\/63\/2017\/12\/171203-Vansbro1-300x160.jpg 300w, https:\/\/arkiv.landsbygdspartiet.org\/vansbro\/wp-content\/uploads\/sites\/63\/2017\/12\/171203-Vansbro1-768x409.jpg 768w, https:\/\/arkiv.landsbygdspartiet.org\/vansbro\/wp-content\/uploads\/sites\/63\/2017\/12\/171203-Vansbro1.jpg 1024w\" sizes=\"(max-width: 600px) 100vw, 600px\" \/><\/a><\/p>\n<p><a href=\"http:\/\/sverigesradio.se\/sida\/avsnitt\/990916?programid=4091\" target=\"_blank\" rel=\"noopener\">En radioinspelning f\u00f6r programmet Kluvet land gjordes.<\/a><\/p>\n<p><a href=\"https:\/\/arkiv.landsbygdspartiet.org\/blog\/2017\/12\/04\/vansbro-pressmeddelande\/\" target=\"_blank\" rel=\"noopener\">Se v\u00e5rt pressmeddelande h\u00e4r<\/a><\/p>\n<p>DalaDemokraten 2017-12-06\u00a0 <a href=\"http:\/\/www.dalademokraten.se\/allmant\/landsbygdspartiet-tar-steget-in-i-kommunpolitiken-i-vansbro\" target=\"_blank\" rel=\"noopener\">Landsbygdspartiet tar steget in i kommunpolitiken i Vansbro<\/a><br \/>\nDalaTidningarna\/MittMedia 2017-12-05\u00a0 <a href=\"http:\/\/www.dt.se\/allmant\/landsbygdspartiet-tar-steget-in-i-kommunpolitiken-i-vansbro\" target=\"_blank\" rel=\"noopener\">Landsbygdspartiet tar steget in i kommunpolitiken i Vansbro<\/a><br \/>\nDalaTidningarna\/MittMedia 2017-11-22\u00a0 <a href=\"http:\/\/www.dt.se\/dalarna\/vansbro\/avhoppade-sverigedemokrater-byter-till-landsbygdspartiet\" target=\"_blank\" rel=\"noopener\">Avhoppade Sverigedemokrater byter till Landsbygdspartiet<\/a><\/p>\n","protected":false},"excerpt":{"rendered":"<p>Landsbygdspartiet Vansbro startade den 3 december 2017. Partiordf\u00f6rande Erika S\u00f6reng\u00e5rd presenterade partiet och h\u00f6ll i ordf\u00f6randeklubban under bildandem\u00f6tet.\u00a0 Du kan kontakta styrelsen i Vansbro vansbro@landsbygdspartiet.org En radioinspelning f\u00f6r programmet Kluvet land gjordes. Se v\u00e5rt pressmeddelande h\u00e4r DalaDemokraten 2017-12-06\u00a0 Landsbygdspartiet tar <span class=\"excerpt-dots\">&hellip;<\/span> <a class=\"more-link\" href=\"https:\/\/arkiv.landsbygdspartiet.org\/vansbro\/\"><span class=\"more-msg\">L\u00e4s mer &rarr;<\/span><\/a><\/p>\n","protected":false},"author":14,"featured_media":0,"parent":0,"menu_order":0,"comment_status":"closed","ping_status":"closed","template":"","meta":[],"_links":{"self":[{"href":"https:\/\/arkiv.landsbygdspartiet.org\/vansbro\/wp-json\/wp\/v2\/pages\/8"}],"collection":[{"href":"https:\/\/arkiv.landsbygdspartiet.org\/vansbro\/wp-json\/wp\/v2\/pages"}],"about":[{"href":"https:\/\/arkiv.landsbygdspartiet.org\/vansbro\/wp-json\/wp\/v2\/types\/page"}],"author":[{"embeddable":true,"href":"https:\/\/arkiv.landsbygdspartiet.org\/vansbro\/wp-json\/wp\/v2\/users\/14"}],"replies":[{"embeddable":true,"href":"https:\/\/arkiv.landsbygdspartiet.org\/vansbro\/wp-json\/wp\/v2\/comments?post=8"}],"version-history":[{"count":1,"href":"https:\/\/arkiv.landsbygdspartiet.org\/vansbro\/wp-json\/wp\/v2\/pages\/8\/revisions"}],"predecessor-version":[{"id":11,"href":"https:\/\/arkiv.landsbygdspartiet.org\/vansbro\/wp-json\/wp\/v2\/pages\/8\/revisions\/11"}],"wp:attachment":[{"href":"https:\/\/arkiv.landsbygdspartiet.org\/vansbro\/wp-json\/wp\/v2\/media?parent=8"}],"curies":[{"name":"wp","href":"https:\/\/api.w.org\/{rel}","templated":true}]}}