{"id":4,"date":"2016-10-27T21:16:54","date_gmt":"2016-10-27T19:16:54","guid":{"rendered":"https:\/\/landsbygdspartiet.org\/varmland\/?page_id=4"},"modified":"2017-02-20T10:09:14","modified_gmt":"2017-02-20T09:09:14","slug":"startsida-varmland","status":"publish","type":"page","link":"https:\/\/arkiv.landsbygdspartiet.org\/varmland\/","title":{"rendered":"Startsida V\u00e4rmland"},"content":{"rendered":"<p style=\"text-align: center;\"><a href=\"https:\/\/arkiv.landsbygdspartiet.org\/varmland\/wp-content\/uploads\/sites\/38\/2016\/10\/LPo-Va\u0308rmland.jpg\" target=\"_blank\"><img loading=\"lazy\" class=\"aligncenter size-medium wp-image-26\" src=\"https:\/\/arkiv.landsbygdspartiet.org\/varmland\/wp-content\/uploads\/sites\/38\/2016\/10\/LPo-Va\u0308rmland-300x80.jpg\" alt=\"lpo-va%cc%88rmland\" width=\"300\" height=\"80\" srcset=\"https:\/\/arkiv.landsbygdspartiet.org\/varmland\/wp-content\/uploads\/sites\/38\/2016\/10\/LPo-Va\u0308rmland-300x80.jpg 300w, https:\/\/arkiv.landsbygdspartiet.org\/varmland\/wp-content\/uploads\/sites\/38\/2016\/10\/LPo-Va\u0308rmland-768x206.jpg 768w, https:\/\/arkiv.landsbygdspartiet.org\/varmland\/wp-content\/uploads\/sites\/38\/2016\/10\/LPo-Va\u0308rmland-1024x274.jpg 1024w, https:\/\/arkiv.landsbygdspartiet.org\/varmland\/wp-content\/uploads\/sites\/38\/2016\/10\/LPo-Va\u0308rmland.jpg 1831w\" sizes=\"(max-width: 300px) 100vw, 300px\" \/><\/a><span style=\"font-size: 14pt;\"><strong>LPo startar i V\u00e4rmland \u2013 TV-inslag<\/strong><\/span><br \/>\nSVT nyheter V\u00e4rmland 2017-02-19\u00a0 <a href=\"http:\/\/www.svt.se\/nyheter\/lokalt\/varmland\/landsbygdspariet-oberoende-startar-partistyrelse-i-varmland\" target=\"_blank\">Landsbygdspariet Oberoende startar partistyrelse i V\u00e4rmland<\/a><\/p>\n<h3 style=\"text-align: center;\">V\u00e4rmlands l\u00e4nsf\u00f6rbund har genomf\u00f6rt sitt f\u00f6rsta \u00e5rsm\u00f6te\u00a0\u00a0 <strong>2017-02-19 <\/strong><\/h3>\n<p>Ordf\u00f6rande 1 \u00e5r Helene Stensby, Mangskog, 070-2458839, <a href=\"mailto:varmland@landsbygdspartiet.org\">varmland@landsbygdspartiet.org<\/a><br \/>\nKass\u00f6r 2 \u00e5r Sabina Malmgren<br \/>\nLedamot 2 \u00e5r Magnus Bergstr\u00f6m Sekreterare<br \/>\nLedamot 2 \u00e5r Nils-Erik &#8221;Nisse&#8221; Johansson<br \/>\nLedamot 1 \u00e5r Thorbj\u00f6rn Belenos<br \/>\nSuppleant 1 \u00e5r Anna Magnusson och Lars Skoglund<\/p>\n<p>Du kan kontakta oss p\u00e5 <a href=\"mailto:varmland@landsbygdspartiet.org\">varmland@landsbygdspartiet.org<\/a><\/p>\n<div id=\"attachment_19\" style=\"width: 970px\" class=\"wp-caption aligncenter\"><a href=\"https:\/\/arkiv.landsbygdspartiet.org\/varmland\/wp-content\/uploads\/sites\/38\/2016\/10\/161027-Va\u0308rmland.jpg\"><img aria-describedby=\"caption-attachment-19\" loading=\"lazy\" class=\"wp-image-19 size-full\" src=\"https:\/\/arkiv.landsbygdspartiet.org\/varmland\/wp-content\/uploads\/sites\/38\/2016\/10\/161027-Va\u0308rmland.jpg\" alt=\"161027-varmland\" width=\"960\" height=\"507\" srcset=\"https:\/\/arkiv.landsbygdspartiet.org\/varmland\/wp-content\/uploads\/sites\/38\/2016\/10\/161027-Va\u0308rmland.jpg 960w, https:\/\/arkiv.landsbygdspartiet.org\/varmland\/wp-content\/uploads\/sites\/38\/2016\/10\/161027-Va\u0308rmland-300x158.jpg 300w, https:\/\/arkiv.landsbygdspartiet.org\/varmland\/wp-content\/uploads\/sites\/38\/2016\/10\/161027-Va\u0308rmland-768x406.jpg 768w\" sizes=\"(max-width: 960px) 100vw, 960px\" \/><\/a><p id=\"caption-attachment-19\" class=\"wp-caption-text\">Bild fr\u00e5n V\u00e4rmlands l\u00e4nsf\u00f6rbunds bildandem\u00f6te 2016-10-27<\/p><\/div>\n<p>&nbsp;<\/p>\n<p>&nbsp;<\/p>\n","protected":false},"excerpt":{"rendered":"<p>LPo startar i V\u00e4rmland \u2013 TV-inslag SVT nyheter V\u00e4rmland 2017-02-19\u00a0 Landsbygdspariet Oberoende startar partistyrelse i V\u00e4rmland V\u00e4rmlands l\u00e4nsf\u00f6rbund har genomf\u00f6rt sitt f\u00f6rsta \u00e5rsm\u00f6te\u00a0\u00a0 2017-02-19 Ordf\u00f6rande 1 \u00e5r Helene Stensby, Mangskog, 070-2458839, varmland@landsbygdspartiet.org Kass\u00f6r 2 \u00e5r Sabina Malmgren Ledamot 2 \u00e5r <span class=\"excerpt-dots\">&hellip;<\/span> <a class=\"more-link\" href=\"https:\/\/arkiv.landsbygdspartiet.org\/varmland\/\"><span class=\"more-msg\">L\u00e4s mer &rarr;<\/span><\/a><\/p>\n","protected":false},"author":14,"featured_media":0,"parent":0,"menu_order":0,"comment_status":"closed","ping_status":"closed","template":"","meta":[],"_links":{"self":[{"href":"https:\/\/arkiv.landsbygdspartiet.org\/varmland\/wp-json\/wp\/v2\/pages\/4"}],"collection":[{"href":"https:\/\/arkiv.landsbygdspartiet.org\/varmland\/wp-json\/wp\/v2\/pages"}],"about":[{"href":"https:\/\/arkiv.landsbygdspartiet.org\/varmland\/wp-json\/wp\/v2\/types\/page"}],"author":[{"embeddable":true,"href":"https:\/\/arkiv.landsbygdspartiet.org\/varmland\/wp-json\/wp\/v2\/users\/14"}],"replies":[{"embeddable":true,"href":"https:\/\/arkiv.landsbygdspartiet.org\/varmland\/wp-json\/wp\/v2\/comments?post=4"}],"version-history":[{"count":14,"href":"https:\/\/arkiv.landsbygdspartiet.org\/varmland\/wp-json\/wp\/v2\/pages\/4\/revisions"}],"predecessor-version":[{"id":38,"href":"https:\/\/arkiv.landsbygdspartiet.org\/varmland\/wp-json\/wp\/v2\/pages\/4\/revisions\/38"}],"wp:attachment":[{"href":"https:\/\/arkiv.landsbygdspartiet.org\/varmland\/wp-json\/wp\/v2\/media?parent=4"}],"curies":[{"name":"wp","href":"https:\/\/api.w.org\/{rel}","templated":true}]}}