{"id":6,"date":"2016-10-27T21:17:12","date_gmt":"2016-10-27T19:17:12","guid":{"rendered":"https:\/\/landsbygdspartiet.org\/varmland\/?page_id=6"},"modified":"2017-02-20T10:13:20","modified_gmt":"2017-02-20T09:13:20","slug":"styrelse","status":"publish","type":"page","link":"https:\/\/arkiv.landsbygdspartiet.org\/varmland\/styrelse\/","title":{"rendered":"Styrelse"},"content":{"rendered":"<p><strong><span style=\"font-size: 12pt;\">Styrelse f\u00f6r Landsbygdspartiet oberoende V\u00e4rmlands l\u00e4nsf\u00f6rbund fr\u00e5n \u00e5rsm\u00f6tet 2017-02-19<\/span><\/strong><\/p>\n<p>Ordf\u00f6rande 1 \u00e5r Helene Stensby,\u00a0 070-2458839, <a href=\"mailto:varmland@landsbygdspartiet.org\">varmland@landsbygdspartiet.org<\/a><br \/>\nKass\u00f6r 2 \u00e5r Sabina Malmgren<br \/>\nLedamot 2 \u00e5r Magnus Bergstr\u00f6m Sekreterare<br \/>\nLedamot 2 \u00e5r Nils-Erik &#8221;Nisse&#8221; Johansson<br \/>\nLedamot 1 \u00e5r Thorbj\u00f6rn Belenos<br \/>\nSuppleant 1 \u00e5r Anna Magnusson och Lars Skoglund<\/p>\n<p>Valberedning 2 \u00e5r<br \/>\nSammankallande<br \/>\nLotta Onnerfelt<br \/>\nLedamot<br \/>\nJon Eirik Stensby<\/p>\n<p>&nbsp;<\/p>\n","protected":false},"excerpt":{"rendered":"<p>Styrelse f\u00f6r Landsbygdspartiet oberoende V\u00e4rmlands l\u00e4nsf\u00f6rbund fr\u00e5n \u00e5rsm\u00f6tet 2017-02-19 Ordf\u00f6rande 1 \u00e5r Helene Stensby,\u00a0 070-2458839, varmland@landsbygdspartiet.org Kass\u00f6r 2 \u00e5r Sabina Malmgren Ledamot 2 \u00e5r Magnus Bergstr\u00f6m Sekreterare Ledamot 2 \u00e5r Nils-Erik &#8221;Nisse&#8221; Johansson Ledamot 1 \u00e5r Thorbj\u00f6rn Belenos Suppleant 1 <span class=\"excerpt-dots\">&hellip;<\/span> <a class=\"more-link\" href=\"https:\/\/arkiv.landsbygdspartiet.org\/varmland\/styrelse\/\"><span class=\"more-msg\">L\u00e4s mer &rarr;<\/span><\/a><\/p>\n","protected":false},"author":14,"featured_media":0,"parent":0,"menu_order":0,"comment_status":"closed","ping_status":"closed","template":"","meta":[],"_links":{"self":[{"href":"https:\/\/arkiv.landsbygdspartiet.org\/varmland\/wp-json\/wp\/v2\/pages\/6"}],"collection":[{"href":"https:\/\/arkiv.landsbygdspartiet.org\/varmland\/wp-json\/wp\/v2\/pages"}],"about":[{"href":"https:\/\/arkiv.landsbygdspartiet.org\/varmland\/wp-json\/wp\/v2\/types\/page"}],"author":[{"embeddable":true,"href":"https:\/\/arkiv.landsbygdspartiet.org\/varmland\/wp-json\/wp\/v2\/users\/14"}],"replies":[{"embeddable":true,"href":"https:\/\/arkiv.landsbygdspartiet.org\/varmland\/wp-json\/wp\/v2\/comments?post=6"}],"version-history":[{"count":3,"href":"https:\/\/arkiv.landsbygdspartiet.org\/varmland\/wp-json\/wp\/v2\/pages\/6\/revisions"}],"predecessor-version":[{"id":43,"href":"https:\/\/arkiv.landsbygdspartiet.org\/varmland\/wp-json\/wp\/v2\/pages\/6\/revisions\/43"}],"wp:attachment":[{"href":"https:\/\/arkiv.landsbygdspartiet.org\/varmland\/wp-json\/wp\/v2\/media?parent=6"}],"curies":[{"name":"wp","href":"https:\/\/api.w.org\/{rel}","templated":true}]}}