{"id":8,"date":"2016-12-12T22:00:00","date_gmt":"2016-12-12T21:00:00","guid":{"rendered":"https:\/\/landsbygdspartiet.org\/vastmanland\/?page_id=8"},"modified":"2018-01-30T16:10:56","modified_gmt":"2018-01-30T15:10:56","slug":"startsida","status":"publish","type":"page","link":"https:\/\/arkiv.landsbygdspartiet.org\/vastmanland\/","title":{"rendered":"Startsida"},"content":{"rendered":"<p><a href=\"https:\/\/arkiv.landsbygdspartiet.org\/vastmanland\/wp-content\/uploads\/sites\/42\/2016\/11\/LPoVastmanland.jpg\"><img loading=\"lazy\" class=\"aligncenter size-medium wp-image-5\" src=\"https:\/\/arkiv.landsbygdspartiet.org\/vastmanland\/wp-content\/uploads\/sites\/42\/2016\/11\/LPoVastmanland-300x80.jpg\" alt=\"lpovastmanland\" width=\"300\" height=\"80\" srcset=\"https:\/\/arkiv.landsbygdspartiet.org\/vastmanland\/wp-content\/uploads\/sites\/42\/2016\/11\/LPoVastmanland-300x80.jpg 300w, https:\/\/arkiv.landsbygdspartiet.org\/vastmanland\/wp-content\/uploads\/sites\/42\/2016\/11\/LPoVastmanland-768x206.jpg 768w, https:\/\/arkiv.landsbygdspartiet.org\/vastmanland\/wp-content\/uploads\/sites\/42\/2016\/11\/LPoVastmanland-1024x274.jpg 1024w, https:\/\/arkiv.landsbygdspartiet.org\/vastmanland\/wp-content\/uploads\/sites\/42\/2016\/11\/LPoVastmanland.jpg 1831w\" sizes=\"(max-width: 300px) 100vw, 300px\" \/><\/a><span id=\"fbPhotoSnowliftCaption\" class=\"fbPhotosPhotoCaption\" tabindex=\"0\" data-ft=\"{&quot;tn&quot;:&quot;K&quot;}\"><\/span><\/p>\n<p style=\"text-align: center;\">Landsbygdspartiet oberoende V\u00e4stmanland hade sitt \u00e5rsm\u00f6te 2018-01-29. Fr\u00e5n riksorganisationens styrelse deltog Claes Littorin.<\/p>\n<p><a href=\"https:\/\/arkiv.landsbygdspartiet.org\/vastmanland\/wp-content\/uploads\/sites\/42\/2018\/01\/180129-Va\u0308stmanland-a\u030arsmo\u0308te.jpg\"><img loading=\"lazy\" class=\"aligncenter wp-image-29\" src=\"https:\/\/arkiv.landsbygdspartiet.org\/vastmanland\/wp-content\/uploads\/sites\/42\/2018\/01\/180129-Va\u0308stmanland-a\u030arsmo\u0308te.jpg\" alt=\"\" width=\"500\" height=\"375\" srcset=\"https:\/\/arkiv.landsbygdspartiet.org\/vastmanland\/wp-content\/uploads\/sites\/42\/2018\/01\/180129-Va\u0308stmanland-a\u030arsmo\u0308te.jpg 1440w, https:\/\/arkiv.landsbygdspartiet.org\/vastmanland\/wp-content\/uploads\/sites\/42\/2018\/01\/180129-Va\u0308stmanland-a\u030arsmo\u0308te-300x225.jpg 300w, https:\/\/arkiv.landsbygdspartiet.org\/vastmanland\/wp-content\/uploads\/sites\/42\/2018\/01\/180129-Va\u0308stmanland-a\u030arsmo\u0308te-768x576.jpg 768w, https:\/\/arkiv.landsbygdspartiet.org\/vastmanland\/wp-content\/uploads\/sites\/42\/2018\/01\/180129-Va\u0308stmanland-a\u030arsmo\u0308te-1024x768.jpg 1024w\" sizes=\"(max-width: 500px) 100vw, 500px\" \/><\/a><\/p>\n<p><span id=\"fbPhotoSnowliftCaption\" class=\"fbPhotosPhotoCaption\" tabindex=\"0\" data-ft=\"{&quot;tn&quot;:&quot;K&quot;}\"><span class=\"hasCaption\">Grattis V\u00e4stmanland med omnejd, en interimsstyrelse \u00e4r bildad och kommer kalla till LPo V\u00e4stmanland l\u00e4nsf\u00f6rbunds f\u00f6rsta \u00e5rsm\u00f6te efter ny\u00e5r!<\/span><\/span><br \/>\nUppstartsm\u00f6tet genomf\u00f6rdes m\u00e5ndagen den 12 december i Stj\u00e4rnvik Bygdeg\u00e5rd.<br \/>\nFagersta-Posten\u00a0 2016-12-13\u00a0 <a href=\"http:\/\/www.fagersta-posten.se\/vastmanland\/skinnskatteberg\/landsbygdsparti-jobbar-pa-att-starta-lansforening-i-vastmanland\" target=\"_blank\" rel=\"noopener\">Landsbygdsparti jobbar p\u00e5 att starta l\u00e4nsf\u00f6rening i V\u00e4stmanland<br \/>\n<\/a>V\u00e4stmanlands Nyheter\u00a0 2016-12-22\u00a0 <a href=\"http:\/\/vastmanlandsnyheter.se\/2016\/12\/landsbygdsparti-bildat\/\" target=\"_blank\" rel=\"noopener\">Landsbygdsparti bildat<\/a><br \/>\nVLT\u00a0 2016-12-20\u00a0 <a href=\"http:\/\/www.vlt.se\/opinion\/debatt\/det-ar-dags-for-landsbygspartiet\" target=\"_blank\" rel=\"noopener\">Det \u00e4r dags f\u00f6r Landsbygdspartiet<\/a><\/p>\n<p><a href=\"https:\/\/arkiv.landsbygdspartiet.org\/vastmanland\/wp-content\/uploads\/sites\/42\/2016\/11\/161212Vastmanland.jpg\"><img loading=\"lazy\" class=\"aligncenter size-full wp-image-20\" src=\"https:\/\/arkiv.landsbygdspartiet.org\/vastmanland\/wp-content\/uploads\/sites\/42\/2016\/11\/161212Vastmanland.jpg\" alt=\"\" width=\"960\" height=\"410\" srcset=\"https:\/\/arkiv.landsbygdspartiet.org\/vastmanland\/wp-content\/uploads\/sites\/42\/2016\/11\/161212Vastmanland.jpg 960w, https:\/\/arkiv.landsbygdspartiet.org\/vastmanland\/wp-content\/uploads\/sites\/42\/2016\/11\/161212Vastmanland-300x128.jpg 300w, https:\/\/arkiv.landsbygdspartiet.org\/vastmanland\/wp-content\/uploads\/sites\/42\/2016\/11\/161212Vastmanland-768x328.jpg 768w\" sizes=\"(max-width: 960px) 100vw, 960px\" \/><\/a><span id=\"fbPhotoSnowliftCaption\" class=\"fbPhotosPhotoCaption\" tabindex=\"0\" data-ft=\"{&quot;tn&quot;:&quot;K&quot;}\"><span class=\"hasCaption\">Tack <a href=\"https:\/\/www.facebook.com\/lars.matsson.1\" data-hovercard=\"\/ajax\/hovercard\/user.php?id=100002843288503&amp;extragetparams=%7B%22directed_target_id%22%3A288347597940530%7D\" data-hovercard-prefer-more-content-show=\"1\">Lars<\/a> o <a href=\"https:\/\/www.facebook.com\/lotta.eriksson.372\" data-hovercard=\"\/ajax\/hovercard\/user.php?id=100000121146563&amp;extragetparams=%7B%22directed_target_id%22%3A288347597940530%7D\" data-hovercard-prefer-more-content-show=\"1\">Lotta Matsson<\/a> f\u00f6r en trevlig och givande kv\u00e4ll!!!<\/span><\/span><span id=\"fbPhotoSnowliftTagList\" class=\"fbPhotoTagList\"><span class=\"fcg\"> Vid m\u00f6tet medverkade bl.a. partiordf\u00f6rande <a id=\"js_13r\" class=\"_hli\" href=\"https:\/\/www.facebook.com\/erika.sorengard\" data-hovercard=\"\/ajax\/hovercard\/user.php?id=1053460837\" data-hovercard-prefer-more-content-show=\"1\">Erika S\u00f6reng\u00e5rd<\/a>\u200e,\u00a0 <span class=\"fbPhotoTagListTag tagItem\"><a class=\"taggee\" href=\"https:\/\/www.facebook.com\/rune.sorengard?viewer_id=1431175892\" data-tag=\"100000466593941\" data-hovercard=\"\/ajax\/hovercard\/hovercard.php?id=100000466593941&amp;type=mediatag&amp;media_info=6.10209497765335039&amp;extragetparams=%7B%22directed_target_id%22%3A288347597940530%2C%22viewer_id%22%3A1431175892%7D\" data-hovercard-prefer-more-content-show=\"1\">Rune S\u00f6reng\u00e5rd<\/a><\/span>, <span class=\"fbPhotoTagListTag tagItem\"><a class=\"taggee\" href=\"https:\/\/www.facebook.com\/inge.andersson.5030?viewer_id=1431175892\" data-tag=\"100010494674258\" data-hovercard=\"\/ajax\/hovercard\/hovercard.php?id=100010494674258&amp;type=mediatag&amp;media_info=6.10209497765335039&amp;extragetparams=%7B%22directed_target_id%22%3A288347597940530%2C%22viewer_id%22%3A1431175892%7D\" data-hovercard-prefer-more-content-show=\"1\">Inge Andersson<\/a><\/span>, <span class=\"fbPhotoTagListTag tagItem\"><a class=\"taggee\" href=\"https:\/\/www.facebook.com\/monica.alfredsson.7?viewer_id=1431175892\" data-tag=\"100004991022799\" data-hovercard=\"\/ajax\/hovercard\/hovercard.php?id=100004991022799&amp;type=mediatag&amp;media_info=6.10209497765335039&amp;extragetparams=%7B%22directed_target_id%22%3A288347597940530%2C%22viewer_id%22%3A1431175892%7D\" data-hovercard-prefer-more-content-show=\"1\">Monica Alfredsson<\/a><\/span> och <span class=\"fbPhotoTagListTag tagItem\"><a class=\"taggee\" href=\"https:\/\/www.facebook.com\/annkristin.pettersson.31?viewer_id=1431175892\" data-tag=\"100007083910090\" data-hovercard=\"\/ajax\/hovercard\/hovercard.php?id=100007083910090&amp;type=mediatag&amp;media_info=6.10209497765335039&amp;extragetparams=%7B%22directed_target_id%22%3A288347597940530%2C%22viewer_id%22%3A1431175892%7D\" data-hovercard-prefer-more-content-show=\"1\">Ann Kristin Pettersson<\/a><\/span>.<\/span><\/span><\/p>\n<p>Vi satsar mot valet 2018. <a href=\"https:\/\/arkiv.landsbygdspartiet.org\/medlemskap\">Bli medlem,<\/a>\u00a0 ta med dina v\u00e4nner, grannar eller andra som sympatiserar med Landsbygdspartiets inriktning!<br \/>\nF\u00f6r information kontakta ordf\u00f6rande Lars Matsson och sekreterare Anders Wetterholm via\u00a0 <a href=\"mailto:vastmanland@landsbygdspartiet.org\">vastmanland@landsbygdspartiet.org<\/a><\/p>\n","protected":false},"excerpt":{"rendered":"<p>Landsbygdspartiet oberoende V\u00e4stmanland hade sitt \u00e5rsm\u00f6te 2018-01-29. Fr\u00e5n riksorganisationens styrelse deltog Claes Littorin. Grattis V\u00e4stmanland med omnejd, en interimsstyrelse \u00e4r bildad och kommer kalla till LPo V\u00e4stmanland l\u00e4nsf\u00f6rbunds f\u00f6rsta \u00e5rsm\u00f6te efter ny\u00e5r! Uppstartsm\u00f6tet genomf\u00f6rdes m\u00e5ndagen den 12 december i Stj\u00e4rnvik <span class=\"excerpt-dots\">&hellip;<\/span> <a class=\"more-link\" href=\"https:\/\/arkiv.landsbygdspartiet.org\/vastmanland\/\"><span class=\"more-msg\">L\u00e4s mer &rarr;<\/span><\/a><\/p>\n","protected":false},"author":14,"featured_media":0,"parent":0,"menu_order":0,"comment_status":"closed","ping_status":"closed","template":"","meta":[],"_links":{"self":[{"href":"https:\/\/arkiv.landsbygdspartiet.org\/vastmanland\/wp-json\/wp\/v2\/pages\/8"}],"collection":[{"href":"https:\/\/arkiv.landsbygdspartiet.org\/vastmanland\/wp-json\/wp\/v2\/pages"}],"about":[{"href":"https:\/\/arkiv.landsbygdspartiet.org\/vastmanland\/wp-json\/wp\/v2\/types\/page"}],"author":[{"embeddable":true,"href":"https:\/\/arkiv.landsbygdspartiet.org\/vastmanland\/wp-json\/wp\/v2\/users\/14"}],"replies":[{"embeddable":true,"href":"https:\/\/arkiv.landsbygdspartiet.org\/vastmanland\/wp-json\/wp\/v2\/comments?post=8"}],"version-history":[{"count":8,"href":"https:\/\/arkiv.landsbygdspartiet.org\/vastmanland\/wp-json\/wp\/v2\/pages\/8\/revisions"}],"predecessor-version":[{"id":30,"href":"https:\/\/arkiv.landsbygdspartiet.org\/vastmanland\/wp-json\/wp\/v2\/pages\/8\/revisions\/30"}],"wp:attachment":[{"href":"https:\/\/arkiv.landsbygdspartiet.org\/vastmanland\/wp-json\/wp\/v2\/media?parent=8"}],"curies":[{"name":"wp","href":"https:\/\/api.w.org\/{rel}","templated":true}]}}